{"id":1757,"date":"2014-07-09T15:49:00","date_gmt":"2014-07-09T13:49:00","guid":{"rendered":"https:\/\/concerts.externes.foodle.co\/welkom\/"},"modified":"2026-03-30T21:14:09","modified_gmt":"2026-03-30T19:14:09","slug":"welkom","status":"publish","type":"page","link":"https:\/\/concertsduprintemps.be\/nl\/","title":{"rendered":"Welkom"},"content":{"rendered":"\n<style type=\"text\/css\" data-created_by=\"avia_inline_auto\" id=\"style-css-av-kj3f3-22711fcfd97ec322a543d70d9ef5cf78\">\n.avia-section.av-kj3f3-22711fcfd97ec322a543d70d9ef5cf78 .av-parallax .av-parallax-inner{\nbackground-repeat:no-repeat;\nbackground-image:url(https:\/\/concertsduprintemps.be\/wp-content\/uploads\/sites\/3\/2024\/01\/concert.jpg);\nbackground-position:50% 50%;\nbackground-attachment:scroll;\n}\n.avia-section.av-kj3f3-22711fcfd97ec322a543d70d9ef5cf78 .av-section-color-overlay{\nopacity:0.3;\nbackground-color:#020202;\n}\n<\/style>\n<div id='av_section_1'  class='avia-section av-kj3f3-22711fcfd97ec322a543d70d9ef5cf78 main_color avia-section-default avia-no-shadow  avia-builder-el-0  el_before_av_section  avia-builder-el-first  avia-full-stretch av-parallax-section avia-bg-style-parallax av-section-color-overlay-active av-minimum-height av-minimum-height-custom av-height-custom  container_wrap fullsize'  data-section-bg-repeat='stretch' data-av_minimum_height_px='600'><div class='av-parallax' data-avia-parallax-ratio='0.3' ><div class='av-parallax-inner main_color avia-full-stretch'><\/div><\/div><div class=\"av-section-color-overlay-wrap\"><div class=\"av-section-color-overlay\"><\/div><div class='container av-section-cont-open' style='height:600px'><main  role=\"main\" itemprop=\"mainContentOfPage\"  class='template-page content  av-content-full alpha units'><div class='post-entry post-entry-type-page post-entry-1757'><div class='entry-content-wrapper clearfix'>\n\n<style type=\"text\/css\" data-created_by=\"avia_inline_auto\" id=\"style-css-av-jtsxb-55e547fe09b2226eb99dc12fdacf570a\">\n#top .av-special-heading.av-jtsxb-55e547fe09b2226eb99dc12fdacf570a{\npadding-bottom:0;\ncolor:#ffffff;\nfont-size:60px;\n}\nbody .av-special-heading.av-jtsxb-55e547fe09b2226eb99dc12fdacf570a .av-special-heading-tag .heading-char{\nfont-size:25px;\n}\n#top #wrap_all .av-special-heading.av-jtsxb-55e547fe09b2226eb99dc12fdacf570a .av-special-heading-tag{\nfont-size:60px;\n}\n.av-special-heading.av-jtsxb-55e547fe09b2226eb99dc12fdacf570a .special-heading-inner-border{\nborder-color:#ffffff;\n}\n.av-special-heading.av-jtsxb-55e547fe09b2226eb99dc12fdacf570a .av-subheading{\nfont-size:18px;\n}\n\n@media only screen and (min-width: 480px) and (max-width: 767px){ \n#top #wrap_all .av-special-heading.av-jtsxb-55e547fe09b2226eb99dc12fdacf570a .av-special-heading-tag{\nfont-size:0.8em;\n}\n}\n\n@media only screen and (max-width: 479px){ \n#top #wrap_all .av-special-heading.av-jtsxb-55e547fe09b2226eb99dc12fdacf570a .av-special-heading-tag{\nfont-size:0.8em;\n}\n}\n<\/style>\n<div  class='av-special-heading av-jtsxb-55e547fe09b2226eb99dc12fdacf570a av-special-heading-h1 custom-color-heading blockquote modern-quote  avia-builder-el-1  avia-builder-el-no-sibling  av-thin-font av-inherit-size'><h1 class='av-special-heading-tag '  itemprop=\"headline\"  >Welkom bij de <strong>Concerts du Printemps<\/strong><\/h1><div class='av_custom_color av-subheading av-subheading_below'><p>Wij heten u van harte welkom op ons festival van 22 mei tot en met 19 juni 2026.<\/p>\n<\/div><div class=\"special-heading-border\"><div class=\"special-heading-inner-border\"><\/div><\/div><\/div>\n\n<\/div><\/div><\/main><!-- close content main element --><\/div><\/div><\/div><div id='av_section_2'  class='avia-section av-jcyzf-08138ae0ab09847a6a7541869650e33f main_color avia-section-large avia-no-border-styling  avia-builder-el-2  el_after_av_section  el_before_av_section  avia-bg-style-scroll container_wrap fullsize'  ><div class='container av-section-cont-open' ><div class='template-page content  av-content-full alpha units'><div class='post-entry post-entry-type-page post-entry-1757'><div class='entry-content-wrapper clearfix'>\n\n<style type=\"text\/css\" data-created_by=\"avia_inline_auto\" id=\"style-css-av-8rtzv-723f943653580f4ffcbf0fa71c97ce4d\">\n#top .av-special-heading.av-8rtzv-723f943653580f4ffcbf0fa71c97ce4d{\npadding-bottom:0;\ncolor:#0a0202;\nfont-size:60px;\n}\nbody .av-special-heading.av-8rtzv-723f943653580f4ffcbf0fa71c97ce4d .av-special-heading-tag .heading-char{\nfont-size:25px;\n}\n#top #wrap_all .av-special-heading.av-8rtzv-723f943653580f4ffcbf0fa71c97ce4d .av-special-heading-tag{\nfont-size:60px;\n}\n.av-special-heading.av-8rtzv-723f943653580f4ffcbf0fa71c97ce4d .special-heading-inner-border{\nborder-color:#0a0202;\n}\n.av-special-heading.av-8rtzv-723f943653580f4ffcbf0fa71c97ce4d .av-subheading{\nfont-size:20px;\n}\n\n@media only screen and (min-width: 480px) and (max-width: 767px){ \n#top #wrap_all .av-special-heading.av-8rtzv-723f943653580f4ffcbf0fa71c97ce4d .av-special-heading-tag{\nfont-size:0.8em;\n}\n}\n\n@media only screen and (max-width: 479px){ \n#top #wrap_all .av-special-heading.av-8rtzv-723f943653580f4ffcbf0fa71c97ce4d .av-special-heading-tag{\nfont-size:0.8em;\n}\n}\n<\/style>\n<div  class='av-special-heading av-8rtzv-723f943653580f4ffcbf0fa71c97ce4d av-special-heading-h1 custom-color-heading blockquote modern-quote modern-centered  avia-builder-el-3  el_before_av_one_full  avia-builder-el-first  av-desktop-hide av-medium-hide av-small-hide av-mini-hide av-inherit-size'><h1 class='av-special-heading-tag '  itemprop=\"headline\"  >Toekomstig festival<\/h1><div class='av_custom_color av-subheading av-subheading_below'><p>Ceci n&#8217;est pas rendu visuellement aux visiteurs<\/p>\n<\/div><div class=\"special-heading-border\"><div class=\"special-heading-inner-border\"><\/div><\/div><\/div>\n<div  class='flex_column av-1ypdr-05bda73c1d700932ceabb81c38b684f1 av_one_full  avia-builder-el-4  el_after_av_heading  el_before_av_one_full  first flex_column_div  '     ><p>\n<style type=\"text\/css\" data-created_by=\"avia_inline_auto\" id=\"style-css-av-kqohn-b4dbf9d10a6ad687a6c020c808042b36\">\n#top .av-special-heading.av-kqohn-b4dbf9d10a6ad687a6c020c808042b36{\npadding-bottom:0;\ncolor:#0a0202;\nfont-size:60px;\n}\nbody .av-special-heading.av-kqohn-b4dbf9d10a6ad687a6c020c808042b36 .av-special-heading-tag .heading-char{\nfont-size:25px;\n}\n#top #wrap_all .av-special-heading.av-kqohn-b4dbf9d10a6ad687a6c020c808042b36 .av-special-heading-tag{\nfont-size:60px;\n}\n.av-special-heading.av-kqohn-b4dbf9d10a6ad687a6c020c808042b36 .special-heading-inner-border{\nborder-color:#0a0202;\n}\n.av-special-heading.av-kqohn-b4dbf9d10a6ad687a6c020c808042b36 .av-subheading{\nfont-size:20px;\n}\n\n@media only screen and (min-width: 480px) and (max-width: 767px){ \n#top #wrap_all .av-special-heading.av-kqohn-b4dbf9d10a6ad687a6c020c808042b36 .av-special-heading-tag{\nfont-size:0.8em;\n}\n}\n\n@media only screen and (max-width: 479px){ \n#top #wrap_all .av-special-heading.av-kqohn-b4dbf9d10a6ad687a6c020c808042b36 .av-special-heading-tag{\nfont-size:0.8em;\n}\n}\n<\/style>\n<div  class='av-special-heading av-kqohn-b4dbf9d10a6ad687a6c020c808042b36 av-special-heading-h1 custom-color-heading blockquote modern-quote  avia-builder-el-5  el_before_av_blog  avia-builder-el-first  av-thin-font av-inherit-size'><h1 class='av-special-heading-tag '  itemprop=\"headline\"  >Festival <strong>2026<\/strong><\/h1><div class='av_custom_color av-subheading av-subheading_below'><p>Ontdek alle informatie over onze aankomende evenementen (artiesten, programma&#8217;s, getuigenissen, etc.).<\/p>\n<\/div><div class=\"special-heading-border\"><div class=\"special-heading-inner-border\"><\/div><\/div><\/div><br \/>\n<div  data-slideshow-options=\"{&quot;animation&quot;:&quot;fade&quot;,&quot;autoplay&quot;:false,&quot;loop_autoplay&quot;:&quot;once&quot;,&quot;interval&quot;:5,&quot;loop_manual&quot;:&quot;manual-endless&quot;,&quot;autoplay_stopper&quot;:false,&quot;noNavigation&quot;:false,&quot;show_slide_delay&quot;:90}\" class='avia-content-slider avia-content-grid-active avia-content-slider1 avia-content-slider-odd  avia-builder-el-6  el_after_av_heading  el_before_av_hr  av-slideshow-ui av-control-default   av-no-slider-navigation av-slideshow-manual av-loop-once av-loop-manual-endless '  itemscope=\"itemscope\" itemtype=\"https:\/\/schema.org\/Blog\" ><div class=\"avia-content-slider-inner\"><div class=\"slide-entry-wrap\"><article class='slide-entry flex_column  post-entry post-entry-3414 slide-entry-overview slide-loop-1 slide-parity-odd  av_one_fifth first real-thumbnail posttype-post post-format-standard'  itemscope=\"itemscope\" itemtype=\"https:\/\/schema.org\/CreativeWork\" ><a href='https:\/\/concertsduprintemps.be\/nl\/22-05-2026-valere-burnon-piano-20u\/' data-rel='slide-1' class='slide-image' title='22-05-2026 &#8211; Val\u00e8re Burnon, piano, 20u'><img decoding=\"async\" fetchpriority=\"high\" width=\"260\" height=\"185\" src=\"https:\/\/concertsduprintemps.be\/wp-content\/uploads\/sites\/3\/2026\/02\/f13b75fe-a298-4470-9a13-aa031e06e455-260x185.jpg\" class=\"wp-image-3158 avia-img-lazy-loading-not-3158 attachment-portfolio_small size-portfolio_small wp-post-image\" alt=\"\" \/><\/a><div class=\"slide-content\"><header class=\"entry-content-header\" aria-label=\"Slide: 22-05-2026 - Val\u00e8re Burnon, piano, 20u\"><h3 class='slide-entry-title entry-title '  itemprop=\"headline\" ><a href='https:\/\/concertsduprintemps.be\/nl\/22-05-2026-valere-burnon-piano-20u\/' title='22-05-2026 &#8211; Val\u00e8re Burnon, piano, 20u'>22-05-2026 &#8211; Val\u00e8re Burnon, piano, 20u<\/a><\/h3><span class=\"av-vertical-delimiter\"><\/span><\/header><div class=\"slide-meta\"><time class='slide-meta-time updated'  itemprop=\"datePublished\" datetime=\"2026-02-10T22:47:07+01:00\" >10 februari 2026<\/time><\/div><div class='slide-entry-excerpt entry-content'  itemprop=\"text\" ><div class=\"read-more-link\"><a href=\"https:\/\/concertsduprintemps.be\/nl\/22-05-2026-valere-burnon-piano-20u\/\" class=\"more-link\">Lees meer<span class='more-link-arrow avia-svg-icon avia-font-svg_entypo-fontello' data-av_svg_icon='right-open-big' data-av_iconset='svg_entypo-fontello'><svg version=\"1.1\" xmlns=\"http:\/\/www.w3.org\/2000\/svg\" width=\"15\" height=\"32\" viewBox=\"0 0 15 32\" preserveAspectRatio=\"xMidYMid meet\" role=\"graphics-symbol\" aria-hidden=\"true\">\n<path d=\"M0.416 27.84l11.456-11.84-11.456-11.904q-0.832-0.832 0-1.536 0.832-0.832 1.536 0l12.544 12.608q0.768 0.832 0 1.6l-12.544 12.608q-0.704 0.832-1.536 0-0.832-0.704 0-1.536z\"><\/path>\n<\/svg><\/span><\/a><\/div><\/div><\/div><footer class=\"entry-footer\"><\/footer><span class='hidden'>\n\t\t\t\t<span class='av-structured-data'  itemprop=\"image\" itemscope=\"itemscope\" itemtype=\"https:\/\/schema.org\/ImageObject\" >\n\t\t\t\t\t\t<span itemprop='url'>https:\/\/concertsduprintemps.be\/wp-content\/uploads\/sites\/3\/2026\/02\/f13b75fe-a298-4470-9a13-aa031e06e455.jpg<\/span>\n\t\t\t\t\t\t<span itemprop='height'>960<\/span>\n\t\t\t\t\t\t<span itemprop='width'>960<\/span>\n\t\t\t\t<\/span>\n\t\t\t\t<span class='av-structured-data'  itemprop=\"publisher\" itemtype=\"https:\/\/schema.org\/Organization\" itemscope=\"itemscope\" >\n\t\t\t\t\t\t<span itemprop='name'>alommelen<\/span>\n\t\t\t\t\t\t<span itemprop='logo' itemscope itemtype='https:\/\/schema.org\/ImageObject'>\n\t\t\t\t\t\t\t<span itemprop='url'>http:\/\/concerts.externes.foodle.co\/wp-content\/uploads\/sites\/3\/2024\/01\/Logo-Concerts-du-printemps-300x252.png<\/span>\n\t\t\t\t\t\t<\/span>\n\t\t\t\t<\/span><span class='av-structured-data'  itemprop=\"author\" itemscope=\"itemscope\" itemtype=\"https:\/\/schema.org\/Person\" ><span itemprop='name'>alommelen<\/span><\/span><span class='av-structured-data'  itemprop=\"datePublished\" datetime=\"2014-07-09T15:49:00+02:00\" >2026-02-10 22:47:07<\/span><span class='av-structured-data'  itemprop=\"dateModified\" itemtype=\"https:\/\/schema.org\/dateModified\" >2026-03-30 21:15:04<\/span><span class='av-structured-data'  itemprop=\"mainEntityOfPage\" itemtype=\"https:\/\/schema.org\/mainEntityOfPage\" ><span itemprop='name'>22-05-2026 &#8211; Val\u00e8re Burnon, piano, 20u<\/span><\/span><\/span><\/article><article class='slide-entry flex_column  post-entry post-entry-3410 slide-entry-overview slide-loop-2 slide-parity-even  av_one_fifth  real-thumbnail posttype-post post-format-standard'  itemscope=\"itemscope\" itemtype=\"https:\/\/schema.org\/CreativeWork\" ><a href='https:\/\/concertsduprintemps.be\/nl\/29-05-2026-trio-jenlis-20u\/' data-rel='slide-1' class='slide-image' title='29-05-2026 &#8211; Trio Jenlis, 20u'><img decoding=\"async\" fetchpriority=\"high\" width=\"260\" height=\"185\" src=\"https:\/\/concertsduprintemps.be\/wp-content\/uploads\/sites\/3\/2026\/02\/Jenlis-Photo-Edouard-Janssens-260x185.jpg\" class=\"wp-image-3173 avia-img-lazy-loading-not-3173 attachment-portfolio_small size-portfolio_small wp-post-image\" alt=\"\" \/><\/a><div class=\"slide-content\"><header class=\"entry-content-header\" aria-label=\"Slide: 29-05-2026 - Trio Jenlis, 20u\"><h3 class='slide-entry-title entry-title '  itemprop=\"headline\" ><a href='https:\/\/concertsduprintemps.be\/nl\/29-05-2026-trio-jenlis-20u\/' title='29-05-2026 &#8211; Trio Jenlis, 20u'>29-05-2026 &#8211; Trio Jenlis, 20u<\/a><\/h3><span class=\"av-vertical-delimiter\"><\/span><\/header><div class=\"slide-meta\"><time class='slide-meta-time updated'  itemprop=\"datePublished\" datetime=\"2026-02-10T21:57:05+01:00\" >10 februari 2026<\/time><\/div><div class='slide-entry-excerpt entry-content'  itemprop=\"text\" ><div class=\"read-more-link\"><a href=\"https:\/\/concertsduprintemps.be\/nl\/29-05-2026-trio-jenlis-20u\/\" class=\"more-link\">Lees meer<span class='more-link-arrow avia-svg-icon avia-font-svg_entypo-fontello' data-av_svg_icon='right-open-big' data-av_iconset='svg_entypo-fontello'><svg version=\"1.1\" xmlns=\"http:\/\/www.w3.org\/2000\/svg\" width=\"15\" height=\"32\" viewBox=\"0 0 15 32\" preserveAspectRatio=\"xMidYMid meet\" role=\"graphics-symbol\" aria-hidden=\"true\">\n<path d=\"M0.416 27.84l11.456-11.84-11.456-11.904q-0.832-0.832 0-1.536 0.832-0.832 1.536 0l12.544 12.608q0.768 0.832 0 1.6l-12.544 12.608q-0.704 0.832-1.536 0-0.832-0.704 0-1.536z\"><\/path>\n<\/svg><\/span><\/a><\/div><\/div><\/div><footer class=\"entry-footer\"><\/footer><span class='hidden'>\n\t\t\t\t<span class='av-structured-data'  itemprop=\"image\" itemscope=\"itemscope\" itemtype=\"https:\/\/schema.org\/ImageObject\" >\n\t\t\t\t\t\t<span itemprop='url'>https:\/\/concertsduprintemps.be\/wp-content\/uploads\/sites\/3\/2026\/02\/Jenlis-Photo-Edouard-Janssens-scaled.jpg<\/span>\n\t\t\t\t\t\t<span itemprop='height'>2048<\/span>\n\t\t\t\t\t\t<span itemprop='width'>2560<\/span>\n\t\t\t\t<\/span>\n\t\t\t\t<span class='av-structured-data'  itemprop=\"publisher\" itemtype=\"https:\/\/schema.org\/Organization\" itemscope=\"itemscope\" >\n\t\t\t\t\t\t<span itemprop='name'>alommelen<\/span>\n\t\t\t\t\t\t<span itemprop='logo' itemscope itemtype='https:\/\/schema.org\/ImageObject'>\n\t\t\t\t\t\t\t<span itemprop='url'>http:\/\/concerts.externes.foodle.co\/wp-content\/uploads\/sites\/3\/2024\/01\/Logo-Concerts-du-printemps-300x252.png<\/span>\n\t\t\t\t\t\t<\/span>\n\t\t\t\t<\/span><span class='av-structured-data'  itemprop=\"author\" itemscope=\"itemscope\" itemtype=\"https:\/\/schema.org\/Person\" ><span itemprop='name'>alommelen<\/span><\/span><span class='av-structured-data'  itemprop=\"datePublished\" datetime=\"2014-07-09T15:49:00+02:00\" >2026-02-10 21:57:05<\/span><span class='av-structured-data'  itemprop=\"dateModified\" itemtype=\"https:\/\/schema.org\/dateModified\" >2026-03-30 21:17:12<\/span><span class='av-structured-data'  itemprop=\"mainEntityOfPage\" itemtype=\"https:\/\/schema.org\/mainEntityOfPage\" ><span itemprop='name'>29-05-2026 &#8211; Trio Jenlis, 20u<\/span><\/span><\/span><\/article><article class='slide-entry flex_column  post-entry post-entry-3406 slide-entry-overview slide-loop-3 slide-parity-odd  av_one_fifth  real-thumbnail posttype-post post-format-standard'  itemscope=\"itemscope\" itemtype=\"https:\/\/schema.org\/CreativeWork\" ><a href='https:\/\/concertsduprintemps.be\/nl\/05-06-2026-vlaams-radiokoor-le-concert-danvers-o-l-v-bart-van-reyn-20u\/' data-rel='slide-1' class='slide-image' title='05-06-2026 &#8211; Vlaams Radiokoor &amp; Le concert d&#8217;Anvers o.l.v. Bart Van Reyn, 20u'><img decoding=\"async\" fetchpriority=\"high\" width=\"260\" height=\"185\" src=\"https:\/\/concertsduprintemps.be\/wp-content\/uploads\/sites\/3\/2026\/02\/VRK-en-Bart-Van-Reyn-c-wouter-van-vaerenbergh-260x185.jpg\" class=\"wp-image-3195 avia-img-lazy-loading-not-3195 attachment-portfolio_small size-portfolio_small wp-post-image\" alt=\"\" \/><\/a><div class=\"slide-content\"><header class=\"entry-content-header\" aria-label=\"Slide: 05-06-2026 - Vlaams Radiokoor &amp; Le concert d&#039;Anvers o.l.v. Bart Van Reyn, 20u\"><h3 class='slide-entry-title entry-title '  itemprop=\"headline\" ><a href='https:\/\/concertsduprintemps.be\/nl\/05-06-2026-vlaams-radiokoor-le-concert-danvers-o-l-v-bart-van-reyn-20u\/' title='05-06-2026 &#8211; Vlaams Radiokoor &amp; Le concert d&#8217;Anvers o.l.v. Bart Van Reyn, 20u'>05-06-2026 &#8211; Vlaams Radiokoor &amp; Le concert d&#8217;Anvers o.l.v. Bart Van Reyn, 20u<\/a><\/h3><span class=\"av-vertical-delimiter\"><\/span><\/header><div class=\"slide-meta\"><time class='slide-meta-time updated'  itemprop=\"datePublished\" datetime=\"2026-02-10T20:07:11+01:00\" >10 februari 2026<\/time><\/div><div class='slide-entry-excerpt entry-content'  itemprop=\"text\" ><div class=\"read-more-link\"><a href=\"https:\/\/concertsduprintemps.be\/nl\/05-06-2026-vlaams-radiokoor-le-concert-danvers-o-l-v-bart-van-reyn-20u\/\" class=\"more-link\">Lees meer<span class='more-link-arrow avia-svg-icon avia-font-svg_entypo-fontello' data-av_svg_icon='right-open-big' data-av_iconset='svg_entypo-fontello'><svg version=\"1.1\" xmlns=\"http:\/\/www.w3.org\/2000\/svg\" width=\"15\" height=\"32\" viewBox=\"0 0 15 32\" preserveAspectRatio=\"xMidYMid meet\" role=\"graphics-symbol\" aria-hidden=\"true\">\n<path d=\"M0.416 27.84l11.456-11.84-11.456-11.904q-0.832-0.832 0-1.536 0.832-0.832 1.536 0l12.544 12.608q0.768 0.832 0 1.6l-12.544 12.608q-0.704 0.832-1.536 0-0.832-0.704 0-1.536z\"><\/path>\n<\/svg><\/span><\/a><\/div><\/div><\/div><footer class=\"entry-footer\"><\/footer><span class='hidden'>\n\t\t\t\t<span class='av-structured-data'  itemprop=\"image\" itemscope=\"itemscope\" itemtype=\"https:\/\/schema.org\/ImageObject\" >\n\t\t\t\t\t\t<span itemprop='url'>https:\/\/concertsduprintemps.be\/wp-content\/uploads\/sites\/3\/2026\/02\/VRK-en-Bart-Van-Reyn-c-wouter-van-vaerenbergh-scaled.jpg<\/span>\n\t\t\t\t\t\t<span itemprop='height'>1707<\/span>\n\t\t\t\t\t\t<span itemprop='width'>2560<\/span>\n\t\t\t\t<\/span>\n\t\t\t\t<span class='av-structured-data'  itemprop=\"publisher\" itemtype=\"https:\/\/schema.org\/Organization\" itemscope=\"itemscope\" >\n\t\t\t\t\t\t<span itemprop='name'>alommelen<\/span>\n\t\t\t\t\t\t<span itemprop='logo' itemscope itemtype='https:\/\/schema.org\/ImageObject'>\n\t\t\t\t\t\t\t<span itemprop='url'>http:\/\/concerts.externes.foodle.co\/wp-content\/uploads\/sites\/3\/2024\/01\/Logo-Concerts-du-printemps-300x252.png<\/span>\n\t\t\t\t\t\t<\/span>\n\t\t\t\t<\/span><span class='av-structured-data'  itemprop=\"author\" itemscope=\"itemscope\" itemtype=\"https:\/\/schema.org\/Person\" ><span itemprop='name'>alommelen<\/span><\/span><span class='av-structured-data'  itemprop=\"datePublished\" datetime=\"2014-07-09T15:49:00+02:00\" >2026-02-10 20:07:11<\/span><span class='av-structured-data'  itemprop=\"dateModified\" itemtype=\"https:\/\/schema.org\/dateModified\" >2026-03-30 21:18:12<\/span><span class='av-structured-data'  itemprop=\"mainEntityOfPage\" itemtype=\"https:\/\/schema.org\/mainEntityOfPage\" ><span itemprop='name'>05-06-2026 &#8211; Vlaams Radiokoor &amp; Le concert d&#8217;Anvers o.l.v. Bart Van Reyn, 20u<\/span><\/span><\/span><\/article><article class='slide-entry flex_column  post-entry post-entry-3402 slide-entry-overview slide-loop-4 slide-parity-even  av_one_fifth  real-thumbnail posttype-post post-format-standard'  itemscope=\"itemscope\" itemtype=\"https:\/\/schema.org\/CreativeWork\" ><a href='https:\/\/concertsduprintemps.be\/nl\/12-06-2026-orcw-o-l-v-robert-ortman-20h\/' data-rel='slide-1' class='slide-image' title='12-06-2026 &#8211; ORCW o.l.v. Robert Ortman, 20u'><img decoding=\"async\" fetchpriority=\"high\" width=\"260\" height=\"185\" src=\"https:\/\/concertsduprintemps.be\/wp-content\/uploads\/sites\/3\/2026\/02\/ORCW-JFM-DSC_0673-c-Rino-Noviello-copie-260x185.jpg\" class=\"wp-image-3213 avia-img-lazy-loading-not-3213 attachment-portfolio_small size-portfolio_small wp-post-image\" alt=\"\" \/><\/a><div class=\"slide-content\"><header class=\"entry-content-header\" aria-label=\"Slide: 12-06-2026 - ORCW o.l.v. Robert Ortman, 20u\"><h3 class='slide-entry-title entry-title '  itemprop=\"headline\" ><a href='https:\/\/concertsduprintemps.be\/nl\/12-06-2026-orcw-o-l-v-robert-ortman-20h\/' title='12-06-2026 &#8211; ORCW o.l.v. Robert Ortman, 20u'>12-06-2026 &#8211; ORCW o.l.v. Robert Ortman, 20u<\/a><\/h3><span class=\"av-vertical-delimiter\"><\/span><\/header><div class=\"slide-meta\"><time class='slide-meta-time updated'  itemprop=\"datePublished\" datetime=\"2026-02-10T19:16:46+01:00\" >10 februari 2026<\/time><\/div><div class='slide-entry-excerpt entry-content'  itemprop=\"text\" ><div class=\"read-more-link\"><a href=\"https:\/\/concertsduprintemps.be\/nl\/12-06-2026-orcw-o-l-v-robert-ortman-20h\/\" class=\"more-link\">Lees meer<span class='more-link-arrow avia-svg-icon avia-font-svg_entypo-fontello' data-av_svg_icon='right-open-big' data-av_iconset='svg_entypo-fontello'><svg version=\"1.1\" xmlns=\"http:\/\/www.w3.org\/2000\/svg\" width=\"15\" height=\"32\" viewBox=\"0 0 15 32\" preserveAspectRatio=\"xMidYMid meet\" role=\"graphics-symbol\" aria-hidden=\"true\">\n<path d=\"M0.416 27.84l11.456-11.84-11.456-11.904q-0.832-0.832 0-1.536 0.832-0.832 1.536 0l12.544 12.608q0.768 0.832 0 1.6l-12.544 12.608q-0.704 0.832-1.536 0-0.832-0.704 0-1.536z\"><\/path>\n<\/svg><\/span><\/a><\/div><\/div><\/div><footer class=\"entry-footer\"><\/footer><span class='hidden'>\n\t\t\t\t<span class='av-structured-data'  itemprop=\"image\" itemscope=\"itemscope\" itemtype=\"https:\/\/schema.org\/ImageObject\" >\n\t\t\t\t\t\t<span itemprop='url'>https:\/\/concertsduprintemps.be\/wp-content\/uploads\/sites\/3\/2026\/02\/ORCW-JFM-DSC_0673-c-Rino-Noviello-copie-scaled.jpg<\/span>\n\t\t\t\t\t\t<span itemprop='height'>1703<\/span>\n\t\t\t\t\t\t<span itemprop='width'>2560<\/span>\n\t\t\t\t<\/span>\n\t\t\t\t<span class='av-structured-data'  itemprop=\"publisher\" itemtype=\"https:\/\/schema.org\/Organization\" itemscope=\"itemscope\" >\n\t\t\t\t\t\t<span itemprop='name'>alommelen<\/span>\n\t\t\t\t\t\t<span itemprop='logo' itemscope itemtype='https:\/\/schema.org\/ImageObject'>\n\t\t\t\t\t\t\t<span itemprop='url'>http:\/\/concerts.externes.foodle.co\/wp-content\/uploads\/sites\/3\/2024\/01\/Logo-Concerts-du-printemps-300x252.png<\/span>\n\t\t\t\t\t\t<\/span>\n\t\t\t\t<\/span><span class='av-structured-data'  itemprop=\"author\" itemscope=\"itemscope\" itemtype=\"https:\/\/schema.org\/Person\" ><span itemprop='name'>alommelen<\/span><\/span><span class='av-structured-data'  itemprop=\"datePublished\" datetime=\"2014-07-09T15:49:00+02:00\" >2026-02-10 19:16:46<\/span><span class='av-structured-data'  itemprop=\"dateModified\" itemtype=\"https:\/\/schema.org\/dateModified\" >2026-03-30 21:19:32<\/span><span class='av-structured-data'  itemprop=\"mainEntityOfPage\" itemtype=\"https:\/\/schema.org\/mainEntityOfPage\" ><span itemprop='name'>12-06-2026 &#8211; ORCW o.l.v. Robert Ortman, 20u<\/span><\/span><\/span><\/article><article class='slide-entry flex_column  post-entry post-entry-3354 slide-entry-overview slide-loop-5 slide-parity-odd  post-entry-last  av_one_fifth  real-thumbnail posttype-post post-format-standard'  itemscope=\"itemscope\" itemtype=\"https:\/\/schema.org\/CreativeWork\" ><a href='https:\/\/concertsduprintemps.be\/nl\/19-06-2026-ensemble-larpeggiata-christina-pluhar-celine-scheen-20h\/' data-rel='slide-1' class='slide-image' title='19-06-2026 &#8211; Ensemble L&#8217;Arpeggiata &#8211; Christina Pluhar &#8211; C\u00e9line Scheen, 20u'><img decoding=\"async\" fetchpriority=\"high\" width=\"260\" height=\"185\" src=\"https:\/\/concertsduprintemps.be\/wp-content\/uploads\/sites\/3\/2026\/02\/foto-facebook-260x185.jpg\" class=\"wp-image-3238 avia-img-lazy-loading-not-3238 attachment-portfolio_small size-portfolio_small wp-post-image\" alt=\"\" \/><\/a><div class=\"slide-content\"><header class=\"entry-content-header\" aria-label=\"Slide: 19-06-2026 - Ensemble L&#039;Arpeggiata - Christina Pluhar - C\u00e9line Scheen, 20u\"><h3 class='slide-entry-title entry-title '  itemprop=\"headline\" ><a href='https:\/\/concertsduprintemps.be\/nl\/19-06-2026-ensemble-larpeggiata-christina-pluhar-celine-scheen-20h\/' title='19-06-2026 &#8211; Ensemble L&#8217;Arpeggiata &#8211; Christina Pluhar &#8211; C\u00e9line Scheen, 20u'>19-06-2026 &#8211; Ensemble L&#8217;Arpeggiata &#8211; Christina Pluhar &#8211; C\u00e9line Scheen, 20u<\/a><\/h3><span class=\"av-vertical-delimiter\"><\/span><\/header><div class=\"slide-meta\"><time class='slide-meta-time updated'  itemprop=\"datePublished\" datetime=\"2026-02-10T18:33:24+01:00\" >10 februari 2026<\/time><\/div><div class='slide-entry-excerpt entry-content'  itemprop=\"text\" ><div class=\"read-more-link\"><a href=\"https:\/\/concertsduprintemps.be\/nl\/19-06-2026-ensemble-larpeggiata-christina-pluhar-celine-scheen-20h\/\" class=\"more-link\">Lees meer<span class='more-link-arrow avia-svg-icon avia-font-svg_entypo-fontello' data-av_svg_icon='right-open-big' data-av_iconset='svg_entypo-fontello'><svg version=\"1.1\" xmlns=\"http:\/\/www.w3.org\/2000\/svg\" width=\"15\" height=\"32\" viewBox=\"0 0 15 32\" preserveAspectRatio=\"xMidYMid meet\" role=\"graphics-symbol\" aria-hidden=\"true\">\n<path d=\"M0.416 27.84l11.456-11.84-11.456-11.904q-0.832-0.832 0-1.536 0.832-0.832 1.536 0l12.544 12.608q0.768 0.832 0 1.6l-12.544 12.608q-0.704 0.832-1.536 0-0.832-0.704 0-1.536z\"><\/path>\n<\/svg><\/span><\/a><\/div><\/div><\/div><footer class=\"entry-footer\"><\/footer><span class='hidden'>\n\t\t\t\t<span class='av-structured-data'  itemprop=\"image\" itemscope=\"itemscope\" itemtype=\"https:\/\/schema.org\/ImageObject\" >\n\t\t\t\t\t\t<span itemprop='url'>https:\/\/concertsduprintemps.be\/wp-content\/uploads\/sites\/3\/2026\/02\/foto-facebook.jpg<\/span>\n\t\t\t\t\t\t<span itemprop='height'>1067<\/span>\n\t\t\t\t\t\t<span itemprop='width'>1600<\/span>\n\t\t\t\t<\/span>\n\t\t\t\t<span class='av-structured-data'  itemprop=\"publisher\" itemtype=\"https:\/\/schema.org\/Organization\" itemscope=\"itemscope\" >\n\t\t\t\t\t\t<span itemprop='name'>alommelen<\/span>\n\t\t\t\t\t\t<span itemprop='logo' itemscope itemtype='https:\/\/schema.org\/ImageObject'>\n\t\t\t\t\t\t\t<span itemprop='url'>http:\/\/concerts.externes.foodle.co\/wp-content\/uploads\/sites\/3\/2024\/01\/Logo-Concerts-du-printemps-300x252.png<\/span>\n\t\t\t\t\t\t<\/span>\n\t\t\t\t<\/span><span class='av-structured-data'  itemprop=\"author\" itemscope=\"itemscope\" itemtype=\"https:\/\/schema.org\/Person\" ><span itemprop='name'>alommelen<\/span><\/span><span class='av-structured-data'  itemprop=\"datePublished\" datetime=\"2014-07-09T15:49:00+02:00\" >2026-02-10 18:33:24<\/span><span class='av-structured-data'  itemprop=\"dateModified\" itemtype=\"https:\/\/schema.org\/dateModified\" >2026-03-30 21:20:59<\/span><span class='av-structured-data'  itemprop=\"mainEntityOfPage\" itemtype=\"https:\/\/schema.org\/mainEntityOfPage\" ><span itemprop='name'>19-06-2026 &#8211; Ensemble L&#8217;Arpeggiata &#8211; Christina Pluhar &#8211; C\u00e9line Scheen, 20u<\/span><\/span><\/span><\/article><\/div><\/div><\/div><br \/>\n\n<style type=\"text\/css\" data-created_by=\"avia_inline_auto\" id=\"style-css-av-lteulwrx-9c3aea2bde192a3c56a7d790a5cb86f1\">\n#top .hr.hr-invisible.av-lteulwrx-9c3aea2bde192a3c56a7d790a5cb86f1{\nheight:50px;\n}\n<\/style>\n<div  class='hr av-lteulwrx-9c3aea2bde192a3c56a7d790a5cb86f1 hr-invisible  avia-builder-el-7  el_after_av_blog  el_before_av_buttonrow '><span class='hr-inner '><span class=\"hr-inner-style\"><\/span><\/span><\/div><br \/>\n<div  class='avia-buttonrow-wrap av-lrhmx6ed-1795d785fe5b4e6775a30eefca0df220 avia-buttonrow-center  avia-builder-el-8  el_after_av_hr  avia-builder-el-last '>\n\n<style type=\"text\/css\" data-created_by=\"avia_inline_auto\" id=\"style-css-av-lrhmwb51-7f997a68acb87a444f6c1d534cce2635\">\n#top #wrap_all .avia-button.av-lrhmwb51-7f997a68acb87a444f6c1d534cce2635{\nmargin-bottom:5px;\nmargin-right:3px;\nmargin-left:3px;\n}\n<\/style>\n<a href='https:\/\/shop.utick.net\/?pos=CONCERTSDUPRINTEMPS&module=CATALOGUE'  class='avia-button av-lrhmwb51-7f997a68acb87a444f6c1d534cce2635 avia-icon_select-yes-left-icon avia-size-x-large avia-color-theme-color'  target=\"_blank\"  rel=\"noopener noreferrer\"  aria-label=\"Koop uw tickets\"><span class='avia_button_icon avia_button_icon_left avia-svg-icon avia-font-svg_entypo-fontello' data-av_svg_icon='5' data-av_iconset='svg_entypo-fontello'><\/span><span class='avia_iconbox_title' >Koop uw tickets<\/span><\/a>\n\n<style type=\"text\/css\" data-created_by=\"avia_inline_auto\" id=\"style-css-av-lrhmwweb-2550d56b967ad9771a3b978db6776b3d\">\n#top #wrap_all .avia-button.av-lrhmwweb-2550d56b967ad9771a3b978db6776b3d{\nmargin-bottom:5px;\nmargin-right:3px;\nmargin-left:3px;\n}\n<\/style>\n<a href='https:\/\/concertsduprintemps.be\/nl\/programme\/'  class='avia-button av-lrhmwweb-2550d56b967ad9771a3b978db6776b3d avia-icon_select-yes-left-icon avia-size-x-large avia-color-theme-color'   aria-label=\"Ontdek de programmatie van 2026\"><span class='avia_button_icon avia_button_icon_left avia-svg-icon avia-font-svg_entypo-fontello' data-av_svg_icon='6' data-av_iconset='svg_entypo-fontello'><\/span><span class='avia_iconbox_title' >Ontdek de programmatie van 2026<\/span><\/a>\n<\/div><\/p><\/div><div  class='flex_column av-ipfu7-165c35afcdd4786149b5b3be7953384b av_one_full  avia-builder-el-9  el_after_av_one_full  el_before_av_one_full  first flex_column_div  column-top-margin'     ><div  class='avia-slideshow av-ickkf-fdd9b677795b6896d837b53df33ea0fb avia-slideshow-magazine av_slideshow avia-fade-slider  avia-builder-el-10  avia-builder-el-no-sibling  av-slideshow-ui av-control-default av-slideshow-autoplay av-loop-endless av-loop-manual-endless av-default-height-applied avia-slideshow-1' data-slideshow-options=\"{&quot;animation&quot;:&quot;fade&quot;,&quot;autoplay&quot;:true,&quot;loop_autoplay&quot;:&quot;endless&quot;,&quot;interval&quot;:5,&quot;loop_manual&quot;:&quot;manual-endless&quot;,&quot;autoplay_stopper&quot;:false,&quot;noNavigation&quot;:false,&quot;bg_slider&quot;:false,&quot;keep_padding&quot;:false,&quot;hoverpause&quot;:false,&quot;show_slide_delay&quot;:0}\"  itemprop=\"image\" itemscope=\"itemscope\" itemtype=\"https:\/\/schema.org\/ImageObject\" ><ul class='avia-slideshow-inner ' style='padding-bottom: 52.816901408451%;'><li  class='avia-slideshow-slide av-ickkf-fdd9b677795b6896d837b53df33ea0fb__0  slide-1 slide-odd'><div data-rel='slideshow-1' class='avia-slide-wrap '   ><img decoding=\"async\" fetchpriority=\"high\" class=\"wp-image-1843 avia-img-lazy-loading-not-1843\"  src=\"https:\/\/concertsduprintemps.be\/wp-content\/uploads\/sites\/3\/2024\/04\/Abdij-RB1-710x375.jpg\" width=\"710\" height=\"375\" title='Abdij RB1' alt=''  itemprop=\"thumbnailUrl\"   \/><\/div><\/li><li  class='avia-slideshow-slide av-ickkf-fdd9b677795b6896d837b53df33ea0fb__1  slide-2 slide-even'><div data-rel='slideshow-1' class='avia-slide-wrap '   ><img decoding=\"async\" fetchpriority=\"high\" class=\"wp-image-1562 avia-img-lazy-loading-not-1562\"  src=\"https:\/\/concertsduprintemps.be\/wp-content\/uploads\/sites\/3\/2024\/03\/Val-Dieu-binnenkoer-710x375.jpg\" width=\"710\" height=\"375\" title='Val-Dieu binnenkoer' alt=''  itemprop=\"thumbnailUrl\"   \/><\/div><\/li><li  class='avia-slideshow-slide av-ickkf-fdd9b677795b6896d837b53df33ea0fb__2  slide-3 slide-odd'><div data-rel='slideshow-1' class='avia-slide-wrap '   ><img decoding=\"async\" fetchpriority=\"high\" class=\"wp-image-1827 avia-img-lazy-loading-not-1827\"  src=\"https:\/\/concertsduprintemps.be\/wp-content\/uploads\/sites\/3\/2024\/04\/Sylvia-Huang-Boris-Kusnezow-8-710x375.jpg\" width=\"710\" height=\"375\" title='Sylvia Huang - Boris Kusnezow 8' alt=''  itemprop=\"thumbnailUrl\"   \/><\/div><\/li><li  class='avia-slideshow-slide av-ickkf-fdd9b677795b6896d837b53df33ea0fb__3  slide-4 slide-even'><div data-rel='slideshow-1' class='avia-slide-wrap '   ><img decoding=\"async\" fetchpriority=\"high\" class=\"wp-image-1813 avia-img-lazy-loading-not-1813\"  src=\"https:\/\/concertsduprintemps.be\/wp-content\/uploads\/sites\/3\/2024\/04\/piano-2-710x375.jpg\" width=\"710\" height=\"375\" title='piano 2' alt=''  itemprop=\"thumbnailUrl\"   \/><\/div><\/li><li  class='avia-slideshow-slide av-ickkf-fdd9b677795b6896d837b53df33ea0fb__4  slide-5 slide-odd'><div data-rel='slideshow-1' class='avia-slide-wrap '   ><img decoding=\"async\" fetchpriority=\"high\" class=\"wp-image-830 avia-img-lazy-loading-not-830\"  src=\"https:\/\/concertsduprintemps.be\/wp-content\/uploads\/sites\/3\/2024\/01\/concert-1-710x375.jpg\" width=\"710\" height=\"375\" title='concert' alt=''  itemprop=\"thumbnailUrl\"   \/><\/div><\/li><li  class='avia-slideshow-slide av-ickkf-fdd9b677795b6896d837b53df33ea0fb__5  slide-6 slide-even'><div data-rel='slideshow-1' class='avia-slide-wrap '   ><img decoding=\"async\" fetchpriority=\"high\" class=\"wp-image-1833 avia-img-lazy-loading-not-1833\"  src=\"https:\/\/concertsduprintemps.be\/wp-content\/uploads\/sites\/3\/2024\/04\/Trio-Goldberg-4-710x375.jpg\" width=\"710\" height=\"375\" title='Trio Goldberg 4' alt=''  itemprop=\"thumbnailUrl\"   \/><\/div><\/li><li  class='avia-slideshow-slide av-ickkf-fdd9b677795b6896d837b53df33ea0fb__6  slide-7 slide-odd'><div data-rel='slideshow-1' class='avia-slide-wrap '   ><img decoding=\"async\" fetchpriority=\"high\" class=\"wp-image-1811 avia-img-lazy-loading-not-1811\"  src=\"https:\/\/concertsduprintemps.be\/wp-content\/uploads\/sites\/3\/2024\/04\/OPRL-9-710x375.jpg\" width=\"710\" height=\"375\" title='OPRL 9' alt=''  itemprop=\"thumbnailUrl\"   \/><\/div><\/li><li  class='avia-slideshow-slide av-ickkf-fdd9b677795b6896d837b53df33ea0fb__7  slide-8 slide-even'><div data-rel='slideshow-1' class='avia-slide-wrap '   ><img decoding=\"async\" fetchpriority=\"high\" class=\"wp-image-3095 avia-img-lazy-loading-not-3095\"  src=\"https:\/\/concertsduprintemps.be\/wp-content\/uploads\/sites\/3\/2025\/07\/DSC_4734-710x375.png\" width=\"710\" height=\"375\" title='DSC_4734' alt=''  itemprop=\"thumbnailUrl\"   \/><\/div><\/li><li  class='avia-slideshow-slide av-ickkf-fdd9b677795b6896d837b53df33ea0fb__8  slide-9 slide-odd'><div data-rel='slideshow-1' class='avia-slide-wrap '   ><img decoding=\"async\" fetchpriority=\"high\" class=\"wp-image-3087 avia-img-lazy-loading-not-3087\"  src=\"https:\/\/concertsduprintemps.be\/wp-content\/uploads\/sites\/3\/2025\/07\/DSC_4359-710x375.jpg\" width=\"710\" height=\"375\" title='DSC_4359' alt=''  itemprop=\"thumbnailUrl\"   \/><\/div><\/li><li  class='avia-slideshow-slide av-ickkf-fdd9b677795b6896d837b53df33ea0fb__9  slide-10 slide-even'><div data-rel='slideshow-1' class='avia-slide-wrap '   ><img decoding=\"async\" fetchpriority=\"high\" class=\"wp-image-3080 avia-img-lazy-loading-not-3080\"  src=\"https:\/\/concertsduprintemps.be\/wp-content\/uploads\/sites\/3\/2025\/07\/DSC_4312-710x375.jpg\" width=\"710\" height=\"375\" title='DSC_4312' alt=''  itemprop=\"thumbnailUrl\"   \/><\/div><\/li><li  class='avia-slideshow-slide av-ickkf-fdd9b677795b6896d837b53df33ea0fb__10  slide-11 slide-odd'><div data-rel='slideshow-1' class='avia-slide-wrap '   ><img decoding=\"async\" fetchpriority=\"high\" class=\"wp-image-3097 avia-img-lazy-loading-not-3097\"  src=\"https:\/\/concertsduprintemps.be\/wp-content\/uploads\/sites\/3\/2025\/07\/DSC_4772-710x375.jpg\" width=\"710\" height=\"375\" title='DSC_4772' alt=''  itemprop=\"thumbnailUrl\"   \/><\/div><\/li><\/ul><div class='avia-slideshow-arrows avia-slideshow-controls' ><a href='#prev' class='prev-slide  avia-svg-icon avia-font-svg_entypo-fontello' data-av_svg_icon='left-open-big' data-av_iconset='svg_entypo-fontello' tabindex='-1' title=\"Vorige\"><svg version=\"1.1\" xmlns=\"http:\/\/www.w3.org\/2000\/svg\" width=\"15\" height=\"32\" viewBox=\"0 0 15 32\" preserveAspectRatio=\"xMidYMid meet\" aria-labelledby='av-svg-title-6' aria-describedby='av-svg-desc-6' role=\"graphics-symbol\" aria-hidden=\"true\">\n<title id='av-svg-title-6'>Vorige<\/title>\n<desc id='av-svg-desc-6'>Vorige<\/desc>\n<path d=\"M14.464 27.84q0.832 0.832 0 1.536-0.832 0.832-1.536 0l-12.544-12.608q-0.768-0.768 0-1.6l12.544-12.608q0.704-0.832 1.536 0 0.832 0.704 0 1.536l-11.456 11.904z\"><\/path>\n<\/svg><span class='avia_hidden_link_text'>Vorige<\/span><\/a><a href='#next' class='next-slide  avia-svg-icon avia-font-svg_entypo-fontello' data-av_svg_icon='right-open-big' data-av_iconset='svg_entypo-fontello' tabindex='-1' title=\"Volgende\"><svg version=\"1.1\" xmlns=\"http:\/\/www.w3.org\/2000\/svg\" width=\"15\" height=\"32\" viewBox=\"0 0 15 32\" preserveAspectRatio=\"xMidYMid meet\" aria-labelledby='av-svg-title-7' aria-describedby='av-svg-desc-7' role=\"graphics-symbol\" aria-hidden=\"true\">\n<title id='av-svg-title-7'>Volgende<\/title>\n<desc id='av-svg-desc-7'>Volgende<\/desc>\n<path d=\"M0.416 27.84l11.456-11.84-11.456-11.904q-0.832-0.832 0-1.536 0.832-0.832 1.536 0l12.544 12.608q0.768 0.832 0 1.6l-12.544 12.608q-0.704 0.832-1.536 0-0.832-0.704 0-1.536z\"><\/path>\n<\/svg><span class='avia_hidden_link_text'>Volgende<\/span><\/a><\/div><div class='avia-slideshow-dots avia-slideshow-controls'><a href='#1' class='goto-slide active' >1<\/a><a href='#2' class='goto-slide ' >2<\/a><a href='#3' class='goto-slide ' >3<\/a><a href='#4' class='goto-slide ' >4<\/a><a href='#5' class='goto-slide ' >5<\/a><a href='#6' class='goto-slide ' >6<\/a><a href='#7' class='goto-slide ' >7<\/a><a href='#8' class='goto-slide ' >8<\/a><a href='#9' class='goto-slide ' >9<\/a><a href='#10' class='goto-slide ' >10<\/a><a href='#11' class='goto-slide ' >11<\/a><\/div><\/div><\/div><div  class='flex_column av-g1hd3-b1b22ef94df903ee407457fc023cdcaa av_one_full  avia-builder-el-11  el_after_av_one_full  el_before_av_one_half  first flex_column_div  column-top-margin'     ><p>\n<style type=\"text\/css\" data-created_by=\"avia_inline_auto\" id=\"style-css-av-k702v-2eae7d56a0fd36db50341cfac0255f02\">\n#top .hr.hr-invisible.av-k702v-2eae7d56a0fd36db50341cfac0255f02{\nheight:50px;\n}\n<\/style>\n<div  class='hr av-k702v-2eae7d56a0fd36db50341cfac0255f02 hr-invisible  avia-builder-el-12  el_before_av_heading  avia-builder-el-first '><span class='hr-inner '><span class=\"hr-inner-style\"><\/span><\/span><\/div><br \/>\n\n<style type=\"text\/css\" data-created_by=\"avia_inline_auto\" id=\"style-css-av-f189r-24fc26e82a6e809f2ba019b9e8e0eff2\">\n#top .av-special-heading.av-f189r-24fc26e82a6e809f2ba019b9e8e0eff2{\npadding-bottom:0;\nfont-size:60px;\n}\nbody .av-special-heading.av-f189r-24fc26e82a6e809f2ba019b9e8e0eff2 .av-special-heading-tag .heading-char{\nfont-size:25px;\n}\n#top #wrap_all .av-special-heading.av-f189r-24fc26e82a6e809f2ba019b9e8e0eff2 .av-special-heading-tag{\nfont-size:60px;\n}\n.av-special-heading.av-f189r-24fc26e82a6e809f2ba019b9e8e0eff2 .av-subheading{\nfont-size:20px;\n}\n\n@media only screen and (min-width: 480px) and (max-width: 767px){ \n#top #wrap_all .av-special-heading.av-f189r-24fc26e82a6e809f2ba019b9e8e0eff2 .av-special-heading-tag{\nfont-size:0.8em;\n}\n}\n\n@media only screen and (max-width: 479px){ \n#top #wrap_all .av-special-heading.av-f189r-24fc26e82a6e809f2ba019b9e8e0eff2 .av-special-heading-tag{\nfont-size:0.8em;\n}\n}\n<\/style>\n<div  class='av-special-heading av-f189r-24fc26e82a6e809f2ba019b9e8e0eff2 av-special-heading-h1 blockquote modern-quote  avia-builder-el-13  el_after_av_hr  el_before_av_hr  av-thin-font av-inherit-size'><h1 class='av-special-heading-tag '  itemprop=\"headline\"  >Geschiedenis van de <strong>Concerts du Printemps in de Abdij van Val-Dieu<\/strong><\/h1><div class='av-subheading av-subheading_below'><p>We kijken ernaar uit om u weer te zien!<\/p>\n<\/div><div class=\"special-heading-border\"><div class=\"special-heading-inner-border\"><\/div><\/div><\/div><br \/>\n\n<style type=\"text\/css\" data-created_by=\"avia_inline_auto\" id=\"style-css-av-ls5np2dn-61650dd356a82f30383e85110457f65f\">\n#top .hr.hr-invisible.av-ls5np2dn-61650dd356a82f30383e85110457f65f{\nheight:50px;\n}\n<\/style>\n<div  class='hr av-ls5np2dn-61650dd356a82f30383e85110457f65f hr-invisible  avia-builder-el-14  el_after_av_heading  avia-builder-el-last '><span class='hr-inner '><span class=\"hr-inner-style\"><\/span><\/span><\/div><\/p><\/div><div  class='flex_column av-ls5nqqxq-b8760953736210f2dddb99ba1facbf88 av_one_half  avia-builder-el-15  el_after_av_one_full  el_before_av_one_half  first flex_column_div  column-top-margin'     ><section  class='av_textblock_section av-ekolb-8e0518425567bd1c6da7488cc4fbc361 '   itemscope=\"itemscope\" itemtype=\"https:\/\/schema.org\/CreativeWork\" ><div class='avia_textblock'  itemprop=\"text\" ><h2><b>De Oorsprong van een Uniek Festival<\/b><\/h2>\n<p>Het idee om een festival met klassieke muziek te organiseren in de abdij van Val-Dieu ontstond in 1966 naar aanleiding van een kunsttentoonstelling. Dit eerste culturele evenement, dat meteen een groot succes was, inspireerde de organisatoren om een jaarlijks muzikaal evenement te organiseren dat begon met het Ensemble Alarius en zijn barokrepertoire op 27 mei 1967.<\/p>\n<h2><b>Sterke Fundamenten<\/b><\/h2>\n<p>Vanaf het begin engageerden bekende musici zoals de broers Kuijken en klavecimbelspeler Robert Kohnen zich vol overgave om de topkwaliteit van de uitvoeringen na te streven. Het festival genoot onmiddellijk naam en faam tussen de grote muziekevenementen.<\/p>\n<h2><b>Een Langdurige Traditie<\/b><\/h2>\n<p>Het oorspronkelijke concept van vijf muziekavonden verspreid over vijf weken is onveranderd gebleven sinds de start in 1967. Alleen de dag van de optredens werd aangepast van zaterdag naar vrijdag.<\/p>\n<h2><b>Een Dynamische Omgeving<\/b><\/h2>\n<p>De eerste edities vonden plaats in het klooster, om akoestische redenen vond het festival later zijn nieuwe thuis in de basiliek. Dit toont de flexibiliteit van het festival aan, waarbij het het luistercomfort wil verbeteren en tegemoet wil komen aan het groeiende aantal bezoekers.<\/p>\n<\/div><\/section><\/div><div  class='flex_column av-z41z-81c9d3f31a38716def87094c1a604843 av_one_half  avia-builder-el-17  el_after_av_one_half  el_before_av_hr  flex_column_div  column-top-margin'     ><section  class='av_textblock_section av-ls5nqecj-c3e977aa0ed4dd914dbb273d522d8cdb '   itemscope=\"itemscope\" itemtype=\"https:\/\/schema.org\/CreativeWork\" ><div class='avia_textblock'  itemprop=\"text\" ><h2><b>Veerkracht en Ondersteuning<\/b><\/h2>\n<p>De jaren &#8217;80 brachten uitdagingen met zich mee die het festival dwongen zichzelf in vraag te stellen, maar dankzij de steun van de gemeente Aubel en andere partners kon het zichzelf vernieuwen met een nieuw, gepassioneerd team, zonder dat de organisatie ooit onderbroken werd.<\/p>\n<h2><b>Vernieuwingen en Verbeteringen<\/b><\/h2>\n<p>Het festival heeft zijn aanbod uitgebreid met andere muziekstijlen, heeft de akoestiek verbeterd door aanpassingen aan het podium en biedt dankzij een online reserveringssysteem een eenvoudige boekingservaring.<\/p>\n<h2><b>Gezelligheid en Topniveau<\/b><\/h2>\n<p>De hartelijke ontvangst en de uitzonderlijke kwaliteit van de concerten staan altijd centraal bij de Concerts du Printemps, waardoor het een trouw en enthousiast publiek aantrekt.<\/p>\n<h2><b>Een Stralende Toekomst<\/b><\/h2>\n<p>Met hun 58ste editie in 2026 blijven de Concerts du Printemps hun internationale publiek uitstekende muzikale momenten beloven.<\/p>\n<\/div><\/section><\/div>\n<style type=\"text\/css\" data-created_by=\"avia_inline_auto\" id=\"style-css-av-lrup3h4g-99dad8a7c19560e0a80f22cc14072ccc\">\n#top .hr.hr-invisible.av-lrup3h4g-99dad8a7c19560e0a80f22cc14072ccc{\nheight:50px;\n}\n<\/style>\n<div  class='hr av-lrup3h4g-99dad8a7c19560e0a80f22cc14072ccc hr-invisible  avia-builder-el-19  el_after_av_one_half  el_before_av_heading '><span class='hr-inner '><span class=\"hr-inner-style\"><\/span><\/span><\/div>\n\n<style type=\"text\/css\" data-created_by=\"avia_inline_auto\" id=\"style-css-av-lrd59pr9-c97bcc5ad559405a9cb8088578dee2ae\">\n#top .av-special-heading.av-lrd59pr9-c97bcc5ad559405a9cb8088578dee2ae{\npadding-bottom:0;\n}\nbody .av-special-heading.av-lrd59pr9-c97bcc5ad559405a9cb8088578dee2ae .av-special-heading-tag .heading-char{\nfont-size:25px;\n}\n.av-special-heading.av-lrd59pr9-c97bcc5ad559405a9cb8088578dee2ae .av-subheading{\nfont-size:15px;\n}\n<\/style>\n<div  class='av-special-heading av-lrd59pr9-c97bcc5ad559405a9cb8088578dee2ae av-special-heading-h2 blockquote modern-quote  avia-builder-el-20  el_after_av_hr  el_before_av_hr  av-thin-font'><h2 class='av-special-heading-tag '  itemprop=\"headline\"  >Wat zij er van <strong>vonden<\/strong><\/h2><div class=\"special-heading-border\"><div class=\"special-heading-inner-border\"><\/div><\/div><\/div>\n<div  class='hr av-vmtn-f85b4abe6a9c49243ca8c6e5efccf851 hr-default  avia-builder-el-21  el_after_av_heading  el_before_av_testimonials '><span class='hr-inner '><span class=\"hr-inner-style\"><\/span><\/span><\/div>\n<div  class='avia-testimonial-wrapper av-lrd5al4u-8477c8f8083f5c37baf8ab084274bf6f avia-slider-testimonials avia-slider-2-testimonials avia_animate_when_almost_visible av-slideshow-ui av-control-default av-no-slider-navigation av-slider-hover-pause av-slideshow-autoplay av-loop-endless av-loop-manual-endless' data-slideshow-options=\"{&quot;animation&quot;:&quot;slide&quot;,&quot;autoplay&quot;:true,&quot;loop_autoplay&quot;:&quot;endless&quot;,&quot;interval&quot;:5,&quot;loop_manual&quot;:&quot;manual-endless&quot;,&quot;autoplay_stopper&quot;:false,&quot;noNavigation&quot;:false,&quot;bg_slider&quot;:false,&quot;keep_padding&quot;:&quot;&quot;,&quot;hoverpause&quot;:true,&quot;show_slide_delay&quot;:0}\">\n<section class=\"avia-testimonial-row\"><div class='avia-testimonial av-lrd5adap-04c4e381628a312483309c33e2715a7d avia-testimonial-row-1 avia-first-testimonial flex_column no_margin av_one_half'><div class='avia-testimonial_inner'  itemscope=\"itemscope\" itemtype=\"https:\/\/schema.org\/CreativeWork\" ><div class='avia-testimonial-content '><div class='avia-testimonial-markup-entry-content'  itemprop=\"text\" ><p>Er zijn werkelijk geen woorden om de vreugde te beschrijven die we voelden toen we mochten optreden in de prachtige Abdij van Val-Dieu tijdens de Concerts du Printemps in 2023! De organisatoren, zo gepassioneerd door muziek, de toegewijde vrijwilligers en bovenal het fantastische publiek in een volle basiliek hebben van ons concert een onvergetelijke avond gemaakt waar we alleen maar naar terugverlangen!<\/p>\n<\/div><\/div><div class=\"avia-testimonial-meta\"><div class=\"avia-testimonial-arrow-wrap\"><div class=\"avia-arrow\"><\/div><\/div><div class='avia-testimonial-image'  itemprop=\"image\" ><img loading=\"lazy\" decoding=\"async\" width=\"180\" height=\"180\" src=\"https:\/\/concertsduprintemps.be\/wp-content\/uploads\/sites\/3\/2024\/01\/61f80e68-5d8a-496d-9bcd-b1a0c21c99d6-300x225-1-180x180.jpg\" class=\"attachment-square size-square\" alt=\"\" srcset=\"https:\/\/concertsduprintemps.be\/wp-content\/uploads\/sites\/3\/2024\/01\/61f80e68-5d8a-496d-9bcd-b1a0c21c99d6-300x225-1-180x180.jpg 180w, https:\/\/concertsduprintemps.be\/wp-content\/uploads\/sites\/3\/2024\/01\/61f80e68-5d8a-496d-9bcd-b1a0c21c99d6-300x225-1-80x80.jpg 80w, https:\/\/concertsduprintemps.be\/wp-content\/uploads\/sites\/3\/2024\/01\/61f80e68-5d8a-496d-9bcd-b1a0c21c99d6-300x225-1-36x36.jpg 36w\" sizes=\"auto, (max-width: 180px) 100vw, 180px\" \/><\/div><div class='avia-testimonial-meta-mini'  itemprop=\"author\" itemscope=\"itemscope\" itemtype=\"https:\/\/schema.org\/Person\" ><strong  class='avia-testimonial-name'  itemprop=\"name\" >Trio Golberg <\/strong><span  class='avia-testimonial-subtitle '  itemprop=\"jobTitle\" >Strijktrio - 2023<\/span><\/div><\/div><\/div><\/div>\n<div class='avia-testimonial av-lrd5adap-6-eb72e8d0a4018924b65241aa89dbe62d avia-testimonial-row-1 flex_column no_margin av_one_half'><div class='avia-testimonial_inner'  itemscope=\"itemscope\" itemtype=\"https:\/\/schema.org\/CreativeWork\" ><div class='avia-testimonial-content '><div class='avia-testimonial-markup-entry-content'  itemprop=\"text\" ><p class=\"x_MsoNormal\"><span lang=\"FR\">Het was vijftien jaar geleden, tijdens de Concerts du Printemps, in de majestueuze basiliek van Val-Dieu, dat ik mijn eerste muzikale emoties beleefde bij het ontdekken van het Quatuor Modigliani.<\/span><br \/>\n<span lang=\"FR\">Sindsdien ben ik elk jaar trouw aan deze niet te missen muzikale afspraak, die een hoogstaande programmatie combineert met gezelligheid.<\/span> <span lang=\"FR\">De sfeer is warm en het publiek aandachtig, wat de artiesten in staat stelt het beste van zichzelf te geven, tot groot plezier van iedereen.<\/span><\/p>\n<\/div><\/div><div class=\"avia-testimonial-meta\"><div class=\"avia-testimonial-arrow-wrap\"><div class=\"avia-arrow\"><\/div><\/div><div class='avia-testimonial-meta-mini'  itemprop=\"author\" itemscope=\"itemscope\" itemtype=\"https:\/\/schema.org\/Person\" ><strong  class='avia-testimonial-name'  itemprop=\"name\" >Carine<\/strong><span  class='avia-testimonial-subtitle '  itemprop=\"jobTitle\" >toeschouwer<\/span><\/div><\/div><\/div><\/div>\n<div class='avia-testimonial av-lrd5adap-5-7bb2649d30029c37371747ed77a08d8d avia-testimonial-row-1 flex_column no_margin av_one_half'><div class='avia-testimonial_inner'  itemscope=\"itemscope\" itemtype=\"https:\/\/schema.org\/CreativeWork\" ><div class='avia-testimonial-content '><div class='avia-testimonial-markup-entry-content'  itemprop=\"text\" ><p class=\"x_MsoNormal\">Ik had het genoegen om in juni 2023 een concert in de abdij van Val-Dieu bij te wonen en ik kan alleen maar blij zijn met deze ontdekking.<\/p>\n<p class=\"x_MsoNormal\">Zowel de concertlocatie als de keuze van het programma en de kwaliteit van de musici hebben me betoverd, en ik zal de komende seizoenen zeker opnieuw genieten van de concerten.<\/p>\n<\/div><\/div><div class=\"avia-testimonial-meta\"><div class=\"avia-testimonial-arrow-wrap\"><div class=\"avia-arrow\"><\/div><\/div><div class='avia-testimonial-meta-mini'  itemprop=\"author\" itemscope=\"itemscope\" itemtype=\"https:\/\/schema.org\/Person\" ><strong  class='avia-testimonial-name'  itemprop=\"name\" >Nicole<\/strong><span  class='avia-testimonial-subtitle '  itemprop=\"jobTitle\" >toeschouwer<\/span><\/div><\/div><\/div><\/div>\n<\/section><div class='avia-slideshow-arrows avia-slideshow-controls' ><a href='#prev' class='prev-slide  avia-svg-icon avia-font-svg_entypo-fontello' data-av_svg_icon='left-open-big' data-av_iconset='svg_entypo-fontello' tabindex='-1' title=\"Vorige\"><svg version=\"1.1\" xmlns=\"http:\/\/www.w3.org\/2000\/svg\" width=\"15\" height=\"32\" viewBox=\"0 0 15 32\" preserveAspectRatio=\"xMidYMid meet\" aria-labelledby='av-svg-title-8' aria-describedby='av-svg-desc-8' role=\"graphics-symbol\" aria-hidden=\"true\">\n<title id='av-svg-title-8'>Vorige<\/title>\n<desc id='av-svg-desc-8'>Vorige<\/desc>\n<path d=\"M14.464 27.84q0.832 0.832 0 1.536-0.832 0.832-1.536 0l-12.544-12.608q-0.768-0.768 0-1.6l12.544-12.608q0.704-0.832 1.536 0 0.832 0.704 0 1.536l-11.456 11.904z\"><\/path>\n<\/svg><span class='avia_hidden_link_text'>Vorige<\/span><\/a><a href='#next' class='next-slide  avia-svg-icon avia-font-svg_entypo-fontello' data-av_svg_icon='right-open-big' data-av_iconset='svg_entypo-fontello' tabindex='-1' title=\"Volgende\"><svg version=\"1.1\" xmlns=\"http:\/\/www.w3.org\/2000\/svg\" width=\"15\" height=\"32\" viewBox=\"0 0 15 32\" preserveAspectRatio=\"xMidYMid meet\" aria-labelledby='av-svg-title-9' aria-describedby='av-svg-desc-9' role=\"graphics-symbol\" aria-hidden=\"true\">\n<title id='av-svg-title-9'>Volgende<\/title>\n<desc id='av-svg-desc-9'>Volgende<\/desc>\n<path d=\"M0.416 27.84l11.456-11.84-11.456-11.904q-0.832-0.832 0-1.536 0.832-0.832 1.536 0l12.544 12.608q0.768 0.832 0 1.6l-12.544 12.608q-0.704 0.832-1.536 0-0.832-0.704 0-1.536z\"><\/path>\n<\/svg><span class='avia_hidden_link_text'>Volgende<\/span><\/a><\/div><\/div>\n<\/div><\/div><\/div><!-- close content main div --><\/div><\/div><div id='av_section_3'  class='avia-section av-ltev0mh9-6a9eeb4871bd77fdeca30f88882821c8 main_color avia-section-large avia-no-border-styling  avia-builder-el-23  el_after_av_section  avia-builder-el-last  av-desktop-hide av-medium-hide av-small-hide av-mini-hide avia-bg-style-scroll container_wrap fullsize'  ><div class='container av-section-cont-open' ><div class='template-page content  av-content-full alpha units'><div class='post-entry post-entry-type-page post-entry-1757'><div class='entry-content-wrapper clearfix'>\n\n<style type=\"text\/css\" data-created_by=\"avia_inline_auto\" id=\"style-css-av-jcqyj-fe88eb53c9efd36b8a347d282a4392f6\">\n#top .av-special-heading.av-jcqyj-fe88eb53c9efd36b8a347d282a4392f6{\npadding-bottom:0;\ncolor:#0a0202;\nfont-size:60px;\n}\nbody .av-special-heading.av-jcqyj-fe88eb53c9efd36b8a347d282a4392f6 .av-special-heading-tag .heading-char{\nfont-size:25px;\n}\n#top #wrap_all .av-special-heading.av-jcqyj-fe88eb53c9efd36b8a347d282a4392f6 .av-special-heading-tag{\nfont-size:60px;\n}\n.av-special-heading.av-jcqyj-fe88eb53c9efd36b8a347d282a4392f6 .special-heading-inner-border{\nborder-color:#0a0202;\n}\n.av-special-heading.av-jcqyj-fe88eb53c9efd36b8a347d282a4392f6 .av-subheading{\nfont-size:20px;\n}\n\n@media only screen and (min-width: 480px) and (max-width: 767px){ \n#top #wrap_all .av-special-heading.av-jcqyj-fe88eb53c9efd36b8a347d282a4392f6 .av-special-heading-tag{\nfont-size:0.8em;\n}\n}\n\n@media only screen and (max-width: 479px){ \n#top #wrap_all .av-special-heading.av-jcqyj-fe88eb53c9efd36b8a347d282a4392f6 .av-special-heading-tag{\nfont-size:0.8em;\n}\n}\n<\/style>\n<div  class='av-special-heading av-jcqyj-fe88eb53c9efd36b8a347d282a4392f6 av-special-heading-h1 custom-color-heading blockquote modern-quote modern-centered  avia-builder-el-24  el_before_av_one_full  avia-builder-el-first  av-desktop-hide av-medium-hide av-small-hide av-mini-hide av-inherit-size'><h1 class='av-special-heading-tag '  itemprop=\"headline\"  >Voorbije festival<\/h1><div class='av_custom_color av-subheading av-subheading_below'><p>Ceci n&#8217;est pas rendu visuellement aux visiteurs<\/p>\n<\/div><div class=\"special-heading-border\"><div class=\"special-heading-inner-border\"><\/div><\/div><\/div>\n<div  class='flex_column av-ikcff-a6a7c57e67f5475e9e7bb1ac2a506530 av_one_full  avia-builder-el-25  el_after_av_heading  el_before_av_one_full  first flex_column_div  '     ><div  class='avia-slideshow av-hxzhn-b1b233c0d58c40455c236410cb8ef1c8 avia-slideshow-magazine av_slideshow avia-fade-slider  avia-builder-el-26  avia-builder-el-no-sibling  av-slideshow-ui av-control-default av-slideshow-autoplay av-loop-endless av-loop-manual-endless av-default-height-applied avia-slideshow-2' data-slideshow-options=\"{&quot;animation&quot;:&quot;fade&quot;,&quot;autoplay&quot;:true,&quot;loop_autoplay&quot;:&quot;endless&quot;,&quot;interval&quot;:5,&quot;loop_manual&quot;:&quot;manual-endless&quot;,&quot;autoplay_stopper&quot;:false,&quot;noNavigation&quot;:false,&quot;bg_slider&quot;:false,&quot;keep_padding&quot;:false,&quot;hoverpause&quot;:false,&quot;show_slide_delay&quot;:0}\"  itemprop=\"image\" itemscope=\"itemscope\" itemtype=\"https:\/\/schema.org\/ImageObject\" ><ul class='avia-slideshow-inner ' style='padding-bottom: 52.816901408451%;'><li  class='avia-slideshow-slide av-hxzhn-b1b233c0d58c40455c236410cb8ef1c8__0  slide-1 slide-odd'><div data-rel='slideshow-2' class='avia-slide-wrap '   ><img decoding=\"async\" fetchpriority=\"high\" class=\"wp-image-824 avia-img-lazy-loading-not-824\"  src=\"https:\/\/concertsduprintemps.be\/wp-content\/uploads\/sites\/3\/2024\/01\/val-dieu-710x375.jpg\" width=\"710\" height=\"375\" title='val-dieu' alt=''  itemprop=\"thumbnailUrl\"   \/><\/div><\/li><li  class='avia-slideshow-slide av-hxzhn-b1b233c0d58c40455c236410cb8ef1c8__1  slide-2 slide-even'><div data-rel='slideshow-2' class='avia-slide-wrap '   ><img decoding=\"async\" fetchpriority=\"high\" class=\"wp-image-827 avia-img-lazy-loading-not-827\"  src=\"https:\/\/concertsduprintemps.be\/wp-content\/uploads\/sites\/3\/2024\/01\/concert-en-cours.jpeg\" width=\"335\" height=\"151\" title='concert-en-cours' alt=''  itemprop=\"thumbnailUrl\" srcset=\"https:\/\/concertsduprintemps.be\/wp-content\/uploads\/sites\/3\/2024\/01\/concert-en-cours.jpeg 335w, https:\/\/concertsduprintemps.be\/wp-content\/uploads\/sites\/3\/2024\/01\/concert-en-cours-300x135.jpeg 300w\" sizes=\"(max-width: 335px) 100vw, 335px\" \/><\/div><\/li><li  class='avia-slideshow-slide av-hxzhn-b1b233c0d58c40455c236410cb8ef1c8__2  slide-3 slide-odd'><div data-rel='slideshow-2' class='avia-slide-wrap '   ><img decoding=\"async\" fetchpriority=\"high\" class=\"wp-image-830 avia-img-lazy-loading-not-830\"  src=\"https:\/\/concertsduprintemps.be\/wp-content\/uploads\/sites\/3\/2024\/01\/concert-1-710x375.jpg\" width=\"710\" height=\"375\" title='concert' alt=''  itemprop=\"thumbnailUrl\"   \/><\/div><\/li><li  class='avia-slideshow-slide av-hxzhn-b1b233c0d58c40455c236410cb8ef1c8__3  slide-4 slide-even'><div data-rel='slideshow-2' class='avia-slide-wrap '   ><img decoding=\"async\" fetchpriority=\"high\" class=\"wp-image-3097 avia-img-lazy-loading-not-3097\"  src=\"https:\/\/concertsduprintemps.be\/wp-content\/uploads\/sites\/3\/2025\/07\/DSC_4772-710x375.jpg\" width=\"710\" height=\"375\" title='DSC_4772' alt=''  itemprop=\"thumbnailUrl\"   \/><\/div><\/li><li  class='avia-slideshow-slide av-hxzhn-b1b233c0d58c40455c236410cb8ef1c8__4  slide-5 slide-odd'><div data-rel='slideshow-2' class='avia-slide-wrap '   ><img decoding=\"async\" fetchpriority=\"high\" class=\"wp-image-3095 avia-img-lazy-loading-not-3095\"  src=\"https:\/\/concertsduprintemps.be\/wp-content\/uploads\/sites\/3\/2025\/07\/DSC_4734-710x375.png\" width=\"710\" height=\"375\" title='DSC_4734' alt=''  itemprop=\"thumbnailUrl\"   \/><\/div><\/li><li  class='avia-slideshow-slide av-hxzhn-b1b233c0d58c40455c236410cb8ef1c8__5  slide-6 slide-even'><div data-rel='slideshow-2' class='avia-slide-wrap '   ><img decoding=\"async\" fetchpriority=\"high\" class=\"wp-image-3080 avia-img-lazy-loading-not-3080\"  src=\"https:\/\/concertsduprintemps.be\/wp-content\/uploads\/sites\/3\/2025\/07\/DSC_4312-710x375.jpg\" width=\"710\" height=\"375\" title='DSC_4312' alt=''  itemprop=\"thumbnailUrl\"   \/><\/div><\/li><li  class='avia-slideshow-slide av-hxzhn-b1b233c0d58c40455c236410cb8ef1c8__6  slide-7 slide-odd'><div data-rel='slideshow-2' class='avia-slide-wrap '   ><img decoding=\"async\" fetchpriority=\"high\" class=\"wp-image-3087 avia-img-lazy-loading-not-3087\"  src=\"https:\/\/concertsduprintemps.be\/wp-content\/uploads\/sites\/3\/2025\/07\/DSC_4359-710x375.jpg\" width=\"710\" height=\"375\" title='DSC_4359' alt=''  itemprop=\"thumbnailUrl\"   \/><\/div><\/li><li  class='avia-slideshow-slide av-hxzhn-b1b233c0d58c40455c236410cb8ef1c8__7  slide-8 slide-even'><div data-rel='slideshow-2' class='avia-slide-wrap '   ><img decoding=\"async\" fetchpriority=\"high\" class=\"wp-image-3078 avia-img-lazy-loading-not-3078\"  src=\"https:\/\/concertsduprintemps.be\/wp-content\/uploads\/sites\/3\/2025\/07\/DSC_4299-710x375.jpg\" width=\"710\" height=\"375\" title='DSC_4299' alt=''  itemprop=\"thumbnailUrl\"   \/><\/div><\/li><\/ul><div class='avia-slideshow-arrows avia-slideshow-controls' ><a href='#prev' class='prev-slide  avia-svg-icon avia-font-svg_entypo-fontello' data-av_svg_icon='left-open-big' data-av_iconset='svg_entypo-fontello' tabindex='-1' title=\"Vorige\"><svg version=\"1.1\" xmlns=\"http:\/\/www.w3.org\/2000\/svg\" width=\"15\" height=\"32\" viewBox=\"0 0 15 32\" preserveAspectRatio=\"xMidYMid meet\" aria-labelledby='av-svg-title-10' aria-describedby='av-svg-desc-10' role=\"graphics-symbol\" aria-hidden=\"true\">\n<title id='av-svg-title-10'>Vorige<\/title>\n<desc id='av-svg-desc-10'>Vorige<\/desc>\n<path d=\"M14.464 27.84q0.832 0.832 0 1.536-0.832 0.832-1.536 0l-12.544-12.608q-0.768-0.768 0-1.6l12.544-12.608q0.704-0.832 1.536 0 0.832 0.704 0 1.536l-11.456 11.904z\"><\/path>\n<\/svg><span class='avia_hidden_link_text'>Vorige<\/span><\/a><a href='#next' class='next-slide  avia-svg-icon avia-font-svg_entypo-fontello' data-av_svg_icon='right-open-big' data-av_iconset='svg_entypo-fontello' tabindex='-1' title=\"Volgende\"><svg version=\"1.1\" xmlns=\"http:\/\/www.w3.org\/2000\/svg\" width=\"15\" height=\"32\" viewBox=\"0 0 15 32\" preserveAspectRatio=\"xMidYMid meet\" aria-labelledby='av-svg-title-11' aria-describedby='av-svg-desc-11' role=\"graphics-symbol\" aria-hidden=\"true\">\n<title id='av-svg-title-11'>Volgende<\/title>\n<desc id='av-svg-desc-11'>Volgende<\/desc>\n<path d=\"M0.416 27.84l11.456-11.84-11.456-11.904q-0.832-0.832 0-1.536 0.832-0.832 1.536 0l12.544 12.608q0.768 0.832 0 1.6l-12.544 12.608q-0.704 0.832-1.536 0-0.832-0.704 0-1.536z\"><\/path>\n<\/svg><span class='avia_hidden_link_text'>Volgende<\/span><\/a><\/div><div class='avia-slideshow-dots avia-slideshow-controls'><a href='#1' class='goto-slide active' >1<\/a><a href='#2' class='goto-slide ' >2<\/a><a href='#3' class='goto-slide ' >3<\/a><a href='#4' class='goto-slide ' >4<\/a><a href='#5' class='goto-slide ' >5<\/a><a href='#6' class='goto-slide ' >6<\/a><a href='#7' class='goto-slide ' >7<\/a><a href='#8' class='goto-slide ' >8<\/a><\/div><\/div><\/div><div  class='flex_column av-fva27-680d24c1d5b771c7ef3ab498060007e6 av_one_full  avia-builder-el-27  el_after_av_one_full  el_before_av_one_half  first flex_column_div  column-top-margin'     ><p>\n<style type=\"text\/css\" data-created_by=\"avia_inline_auto\" id=\"style-css-av-fh977-41fda33ac404dc76a7dc7c4c59950df0\">\n#top .hr.hr-invisible.av-fh977-41fda33ac404dc76a7dc7c4c59950df0{\nheight:50px;\n}\n<\/style>\n<div  class='hr av-fh977-41fda33ac404dc76a7dc7c4c59950df0 hr-invisible  avia-builder-el-28  el_before_av_heading  avia-builder-el-first '><span class='hr-inner '><span class=\"hr-inner-style\"><\/span><\/span><\/div><br \/>\n\n<style type=\"text\/css\" data-created_by=\"avia_inline_auto\" id=\"style-css-av-elzkz-58fa0a52724c0ed22fd704742dc53986\">\n#top .av-special-heading.av-elzkz-58fa0a52724c0ed22fd704742dc53986{\npadding-bottom:0;\nfont-size:60px;\n}\nbody .av-special-heading.av-elzkz-58fa0a52724c0ed22fd704742dc53986 .av-special-heading-tag .heading-char{\nfont-size:25px;\n}\n#top #wrap_all .av-special-heading.av-elzkz-58fa0a52724c0ed22fd704742dc53986 .av-special-heading-tag{\nfont-size:60px;\n}\n.av-special-heading.av-elzkz-58fa0a52724c0ed22fd704742dc53986 .av-subheading{\nfont-size:20px;\n}\n\n@media only screen and (min-width: 480px) and (max-width: 767px){ \n#top #wrap_all .av-special-heading.av-elzkz-58fa0a52724c0ed22fd704742dc53986 .av-special-heading-tag{\nfont-size:0.8em;\n}\n}\n\n@media only screen and (max-width: 479px){ \n#top #wrap_all .av-special-heading.av-elzkz-58fa0a52724c0ed22fd704742dc53986 .av-special-heading-tag{\nfont-size:0.8em;\n}\n}\n<\/style>\n<div  class='av-special-heading av-elzkz-58fa0a52724c0ed22fd704742dc53986 av-special-heading-h1 blockquote modern-quote  avia-builder-el-29  el_after_av_hr  el_before_av_hr  av-thin-font av-inherit-size'><h1 class='av-special-heading-tag '  itemprop=\"headline\"  >Geschiedenis van de <strong>Concerts du Printemps in de Abdij van Val-Dieu<\/strong><\/h1><div class='av-subheading av-subheading_below'><p>We kijken ernaar uit om u weer te zien!<\/p>\n<\/div><div class=\"special-heading-border\"><div class=\"special-heading-inner-border\"><\/div><\/div><\/div><br \/>\n\n<style type=\"text\/css\" data-created_by=\"avia_inline_auto\" id=\"style-css-av-dsw4n-fde88346468e83f7251ddad97d58b856\">\n#top .hr.hr-invisible.av-dsw4n-fde88346468e83f7251ddad97d58b856{\nheight:50px;\n}\n<\/style>\n<div  class='hr av-dsw4n-fde88346468e83f7251ddad97d58b856 hr-invisible  avia-builder-el-30  el_after_av_heading  avia-builder-el-last '><span class='hr-inner '><span class=\"hr-inner-style\"><\/span><\/span><\/div><\/p><\/div><div  class='flex_column av-1c9z3-bae8c3ccfb076f72a7ce0cf3622d2843 av_one_half  avia-builder-el-31  el_after_av_one_full  el_before_av_one_half  first flex_column_div  column-top-margin'     ><section  class='av_textblock_section av-cl1t7-6833d8a3a6f30ee1dc2016275bb7d288 '   itemscope=\"itemscope\" itemtype=\"https:\/\/schema.org\/CreativeWork\" ><div class='avia_textblock'  itemprop=\"text\" ><h2><b>De Oorsprong van een Uniek Festival<\/b><\/h2>\n<p>Het idee om een festival met klassieke muziek te organiseren in de abdij van Val-Dieu ontstond in 1966 naar aanleiding van een kunsttentoonstelling. Dit eerste culturele evenement, dat meteen een groot succes was, inspireerde de organisatoren om een jaarlijks muzikaal evenement te organiseren dat begon met het Ensemble Alarius en zijn barokrepertoire op 27 mei 1967.<\/p>\n<h2><b>Sterke Fundamenten<\/b><\/h2>\n<p>Vanaf het begin engageerden bekende musici zoals de broers Kuijken en klavecimbelspeler Robert Kohnen zich vol overgave om de topkwaliteit van de uitvoeringen na te streven. Het festival genoot onmiddellijk naam en faam tussen de grote muziekevenementen.<\/p>\n<h2><b>Een Langdurige Traditie<\/b><\/h2>\n<p>Het oorspronkelijke concept van vijf muziekavonden verspreid over vijf weken is onveranderd gebleven sinds de start in 1967. Alleen de dag van de optredens werd aangepast van zaterdag naar vrijdag.<\/p>\n<h2><b>Een Dynamische Omgeving<\/b><\/h2>\n<p>De eerste edities vonden plaats in het klooster, om akoestische redenen vond het festival later zijn nieuwe thuis in de basiliek. Dit toont de flexibiliteit van het festival aan, waarbij het het luistercomfort wil verbeteren en tegemoet wil komen aan het groeiende aantal bezoekers.<\/p>\n<\/div><\/section><\/div><div  class='flex_column av-cgh5f-34c286707a3529e30eb245b1d056bd64 av_one_half  avia-builder-el-33  el_after_av_one_half  el_before_av_hr  flex_column_div  column-top-margin'     ><section  class='av_textblock_section av-be27b-f30e7844944c7219b4b03af4920df036 '   itemscope=\"itemscope\" itemtype=\"https:\/\/schema.org\/CreativeWork\" ><div class='avia_textblock'  itemprop=\"text\" ><h2><b>Veerkracht en Ondersteuning<\/b><\/h2>\n<p>De jaren &#8217;80 brachten uitdagingen met zich mee die het festival dwongen om zichzelf in vraag te stellen, maar dankzij de steun van de gemeente Aubel en andere partners slaagde het erin zichzelf te vernieuwen met een nieuw gepassioneerd team waardoor de organisatie nooit werd onderbroken.<\/p>\n<h2><b>Vernieuwingen en Verbeteringen<\/b><\/h2>\n<p>Het festival heeft zijn aanbod uitgebreid met andere muziekstijlen, heeft de akoestiek verbeterd door aanpassingen aan het podium en biedt dankzij een online reserveringssysteem een eenvoudige boekingservaring.<\/p>\n<h2><b>Gezelligheid en Topniveau<\/b><\/h2>\n<p>De hartelijke ontvangst en de uitzonderlijke kwaliteit van de concerten staan altijd centraal bij de Concerts du Printemps, waardoor het een trouw en enthousiast publiek aantrekt.<\/p>\n<h2><b>Een Stralende Toekomst<\/b><\/h2>\n<p>Met hun 58ste editie in 2026 blijven de Concerts du Printemps hun internationale publiek uitstekende muzikale momenten beloven.<\/p>\n<\/div><\/section><\/div>\n<style type=\"text\/css\" data-created_by=\"avia_inline_auto\" id=\"style-css-av-b57gb-b9c750526bdcb362863c7322c5f656ec\">\n#top .hr.hr-invisible.av-b57gb-b9c750526bdcb362863c7322c5f656ec{\nheight:50px;\n}\n<\/style>\n<div  class='hr av-b57gb-b9c750526bdcb362863c7322c5f656ec hr-invisible  avia-builder-el-35  el_after_av_one_half  el_before_av_buttonrow '><span class='hr-inner '><span class=\"hr-inner-style\"><\/span><\/span><\/div>\n<div  class='avia-buttonrow-wrap av-al5xb-2334748894f83e594943f31e78403c8c avia-buttonrow-center  avia-builder-el-36  el_after_av_hr  el_before_av_hr '>\n\n<style type=\"text\/css\" data-created_by=\"avia_inline_auto\" id=\"style-css-av-9sysv-b9fe533f9c37a6fd4fea5909c8f396bc\">\n#top #wrap_all .avia-button.av-9sysv-b9fe533f9c37a6fd4fea5909c8f396bc{\nmargin-bottom:5px;\nmargin-right:3px;\nmargin-left:3px;\n}\n<\/style>\n<a href='https:\/\/shop.utick.be\/?module=CATALOGUEpos=CONCERTSDUPRINTEMPS'  class='avia-button av-9sysv-b9fe533f9c37a6fd4fea5909c8f396bc avia-icon_select-yes-left-icon avia-size-x-large avia-color-theme-color'   aria-label=\"Koop uw tickets\"><span class='avia_button_icon avia_button_icon_left avia-svg-icon avia-font-svg_entypo-fontello' data-av_svg_icon='5' data-av_iconset='svg_entypo-fontello'><\/span><span class='avia_iconbox_title' >Koop uw tickets<\/span><\/a>\n\n<style type=\"text\/css\" data-created_by=\"avia_inline_auto\" id=\"style-css-av-xjnf-cd7a4cf9645346fe633d344461fb62c0\">\n#top #wrap_all .avia-button.av-xjnf-cd7a4cf9645346fe633d344461fb62c0{\nmargin-bottom:5px;\nmargin-right:3px;\nmargin-left:3px;\n}\n<\/style>\n<a href='https:\/\/concertsduprintemps.be\/nl\/programme\/'  class='avia-button av-xjnf-cd7a4cf9645346fe633d344461fb62c0 avia-icon_select-yes-left-icon avia-size-x-large avia-color-theme-color'   aria-label=\"Ontdek het programma van 2026\"><span class='avia_button_icon avia_button_icon_left avia-svg-icon avia-font-svg_entypo-fontello' data-av_svg_icon='6' data-av_iconset='svg_entypo-fontello'><\/span><span class='avia_iconbox_title' >Ontdek het programma van 2026<\/span><\/a>\n<\/div>\n\n<style type=\"text\/css\" data-created_by=\"avia_inline_auto\" id=\"style-css-av-8x7cz-4bdfe465d7bc2ed95155609686acde62\">\n#top .hr.hr-invisible.av-8x7cz-4bdfe465d7bc2ed95155609686acde62{\nheight:50px;\n}\n<\/style>\n<div  class='hr av-8x7cz-4bdfe465d7bc2ed95155609686acde62 hr-invisible  avia-builder-el-37  el_after_av_buttonrow  el_before_av_hr '><span class='hr-inner '><span class=\"hr-inner-style\"><\/span><\/span><\/div>\n\n<style type=\"text\/css\" data-created_by=\"avia_inline_auto\" id=\"style-css-av-7whof-e59e5438c491df7b93222bb5dc393682\">\n#top .hr.hr-invisible.av-7whof-e59e5438c491df7b93222bb5dc393682{\nheight:50px;\n}\n<\/style>\n<div  class='hr av-7whof-e59e5438c491df7b93222bb5dc393682 hr-invisible  avia-builder-el-38  el_after_av_hr  el_before_av_one_full '><span class='hr-inner '><span class=\"hr-inner-style\"><\/span><\/span><\/div>\n<div  class='flex_column av-7hn6r-79c9b0262a61fb1699f7bb8bac1f97e8 av_one_full  avia-builder-el-39  el_after_av_hr  el_before_av_hr  first flex_column_div  '     ><p>\n<style type=\"text\/css\" data-created_by=\"avia_inline_auto\" id=\"style-css-av-lteuwf9a-b5dcf030cedbc4862b0554713fd55442\">\n#top .av-special-heading.av-lteuwf9a-b5dcf030cedbc4862b0554713fd55442{\npadding-bottom:0;\ncolor:#0a0202;\nfont-size:60px;\n}\nbody .av-special-heading.av-lteuwf9a-b5dcf030cedbc4862b0554713fd55442 .av-special-heading-tag .heading-char{\nfont-size:25px;\n}\n#top #wrap_all .av-special-heading.av-lteuwf9a-b5dcf030cedbc4862b0554713fd55442 .av-special-heading-tag{\nfont-size:60px;\n}\n.av-special-heading.av-lteuwf9a-b5dcf030cedbc4862b0554713fd55442 .special-heading-inner-border{\nborder-color:#0a0202;\n}\n.av-special-heading.av-lteuwf9a-b5dcf030cedbc4862b0554713fd55442 .av-subheading{\nfont-size:20px;\n}\n\n@media only screen and (min-width: 480px) and (max-width: 767px){ \n#top #wrap_all .av-special-heading.av-lteuwf9a-b5dcf030cedbc4862b0554713fd55442 .av-special-heading-tag{\nfont-size:0.8em;\n}\n}\n\n@media only screen and (max-width: 479px){ \n#top #wrap_all .av-special-heading.av-lteuwf9a-b5dcf030cedbc4862b0554713fd55442 .av-special-heading-tag{\nfont-size:0.8em;\n}\n}\n<\/style>\n<div  class='av-special-heading av-lteuwf9a-b5dcf030cedbc4862b0554713fd55442 av-special-heading-h1 custom-color-heading blockquote modern-quote  avia-builder-el-40  el_before_av_hr  avia-builder-el-first  av-thin-font av-inherit-size'><h1 class='av-special-heading-tag '  itemprop=\"headline\"  ><strong>Vorige<\/strong> edities<\/h1><div class='av_custom_color av-subheading av-subheading_below'><p>Vind hier de info over de voorbije evenementen (artiesten, programma&#8217;s, getuigenissen, enz.)<\/p>\n<\/div><div class=\"special-heading-border\"><div class=\"special-heading-inner-border\"><\/div><\/div><\/div><br \/>\n\n<style type=\"text\/css\" data-created_by=\"avia_inline_auto\" id=\"style-css-av-6y69f-0205fc223dbc74dfc268e38035255eb5\">\n#top .hr.hr-invisible.av-6y69f-0205fc223dbc74dfc268e38035255eb5{\nheight:50px;\n}\n<\/style>\n<div  class='hr av-6y69f-0205fc223dbc74dfc268e38035255eb5 hr-invisible  avia-builder-el-41  el_after_av_heading  el_before_av_blog '><span class='hr-inner '><span class=\"hr-inner-style\"><\/span><\/span><\/div><br \/>\n<div  data-slideshow-options=\"{&quot;animation&quot;:&quot;fade&quot;,&quot;autoplay&quot;:false,&quot;loop_autoplay&quot;:&quot;once&quot;,&quot;interval&quot;:5,&quot;loop_manual&quot;:&quot;manual-endless&quot;,&quot;autoplay_stopper&quot;:false,&quot;noNavigation&quot;:false,&quot;show_slide_delay&quot;:90}\" class='avia-content-slider avia-content-grid-active avia-content-slider2 avia-content-slider-odd  avia-builder-el-42  el_after_av_hr  avia-builder-el-last  av-slideshow-ui av-control-default   av-no-slider-navigation av-slideshow-manual av-loop-once av-loop-manual-endless  av-desktop-hide av-medium-hide av-small-hide av-mini-hide'  itemscope=\"itemscope\" itemtype=\"https:\/\/schema.org\/Blog\" ><div class=\"avia-content-slider-inner\"><div class=\"slide-entry-wrap\"><article class='slide-entry flex_column  post-entry post-entry-2557 slide-entry-overview slide-loop-1 slide-parity-odd  av_one_fifth first real-thumbnail posttype-post post-format-standard'  itemscope=\"itemscope\" itemtype=\"https:\/\/schema.org\/CreativeWork\" ><a href='https:\/\/concertsduprintemps.be\/nl\/23-05-2025-jorge-gonzalez-buajasan-piano-20u\/' data-rel='slide-2' class='slide-image' title='23-05-2025 &#8211; Jorge Gonz\u00e1lez Buajas\u00e1n, piano, 20u'><img decoding=\"async\" fetchpriority=\"high\" width=\"260\" height=\"185\" src=\"https:\/\/concertsduprintemps.be\/wp-content\/uploads\/sites\/3\/2025\/01\/\u00a9Jean-Baptiste-Millot-01-260x185.jpg\" class=\"wp-image-2278 avia-img-lazy-loading-not-2278 attachment-portfolio_small size-portfolio_small wp-post-image\" alt=\"\" \/><\/a><div class=\"slide-content\"><header class=\"entry-content-header\" aria-label=\"Slide: 23-05-2025 - Jorge Gonz\u00e1lez Buajas\u00e1n, piano, 20u\"><h3 class='slide-entry-title entry-title '  itemprop=\"headline\" ><a href='https:\/\/concertsduprintemps.be\/nl\/23-05-2025-jorge-gonzalez-buajasan-piano-20u\/' title='23-05-2025 &#8211; Jorge Gonz\u00e1lez Buajas\u00e1n, piano, 20u'>23-05-2025 &#8211; Jorge Gonz\u00e1lez Buajas\u00e1n, piano, 20u<\/a><\/h3><span class=\"av-vertical-delimiter\"><\/span><\/header><div class=\"slide-meta\"><time class='slide-meta-time updated'  itemprop=\"datePublished\" datetime=\"2025-02-04T22:16:19+01:00\" >4 februari 2025<\/time><\/div><div class='slide-entry-excerpt entry-content'  itemprop=\"text\" ><div class=\"read-more-link\"><a href=\"https:\/\/concertsduprintemps.be\/nl\/23-05-2025-jorge-gonzalez-buajasan-piano-20u\/\" class=\"more-link\">Lees meer<span class='more-link-arrow avia-svg-icon avia-font-svg_entypo-fontello' data-av_svg_icon='right-open-big' data-av_iconset='svg_entypo-fontello'><svg version=\"1.1\" xmlns=\"http:\/\/www.w3.org\/2000\/svg\" width=\"15\" height=\"32\" viewBox=\"0 0 15 32\" preserveAspectRatio=\"xMidYMid meet\" role=\"graphics-symbol\" aria-hidden=\"true\">\n<path d=\"M0.416 27.84l11.456-11.84-11.456-11.904q-0.832-0.832 0-1.536 0.832-0.832 1.536 0l12.544 12.608q0.768 0.832 0 1.6l-12.544 12.608q-0.704 0.832-1.536 0-0.832-0.704 0-1.536z\"><\/path>\n<\/svg><\/span><\/a><\/div><\/div><\/div><footer class=\"entry-footer\"><\/footer><span class='hidden'>\n\t\t\t\t<span class='av-structured-data'  itemprop=\"image\" itemscope=\"itemscope\" itemtype=\"https:\/\/schema.org\/ImageObject\" >\n\t\t\t\t\t\t<span itemprop='url'>https:\/\/concertsduprintemps.be\/wp-content\/uploads\/sites\/3\/2025\/01\/\u00a9Jean-Baptiste-Millot-01-scaled.jpg<\/span>\n\t\t\t\t\t\t<span itemprop='height'>1703<\/span>\n\t\t\t\t\t\t<span itemprop='width'>2560<\/span>\n\t\t\t\t<\/span>\n\t\t\t\t<span class='av-structured-data'  itemprop=\"publisher\" itemtype=\"https:\/\/schema.org\/Organization\" itemscope=\"itemscope\" >\n\t\t\t\t\t\t<span itemprop='name'>alommelen<\/span>\n\t\t\t\t\t\t<span itemprop='logo' itemscope itemtype='https:\/\/schema.org\/ImageObject'>\n\t\t\t\t\t\t\t<span itemprop='url'>http:\/\/concerts.externes.foodle.co\/wp-content\/uploads\/sites\/3\/2024\/01\/Logo-Concerts-du-printemps-300x252.png<\/span>\n\t\t\t\t\t\t<\/span>\n\t\t\t\t<\/span><span class='av-structured-data'  itemprop=\"author\" itemscope=\"itemscope\" itemtype=\"https:\/\/schema.org\/Person\" ><span itemprop='name'>alommelen<\/span><\/span><span class='av-structured-data'  itemprop=\"datePublished\" datetime=\"2014-07-09T15:49:00+02:00\" >2025-02-04 22:16:19<\/span><span class='av-structured-data'  itemprop=\"dateModified\" itemtype=\"https:\/\/schema.org\/dateModified\" >2026-03-28 12:51:44<\/span><span class='av-structured-data'  itemprop=\"mainEntityOfPage\" itemtype=\"https:\/\/schema.org\/mainEntityOfPage\" ><span itemprop='name'>23-05-2025 &#8211; Jorge Gonz\u00e1lez Buajas\u00e1n, piano, 20u<\/span><\/span><\/span><\/article><article class='slide-entry flex_column  post-entry post-entry-2487 slide-entry-overview slide-loop-2 slide-parity-even  av_one_fifth  real-thumbnail posttype-post post-format-standard'  itemscope=\"itemscope\" itemtype=\"https:\/\/schema.org\/CreativeWork\" ><a href='https:\/\/concertsduprintemps.be\/nl\/30-05-2025-sebastien-parotte-christiane-marie-riedl-ashot-khachatourian\/' data-rel='slide-2' class='slide-image' title='30-05-2025 &#8211; S\u00e9bastien Parotte &#8211; Christiane Marie Riedl &#8211; Ashot Khachatourian, 20u'><img decoding=\"async\" fetchpriority=\"high\" width=\"260\" height=\"185\" src=\"https:\/\/concertsduprintemps.be\/wp-content\/uploads\/sites\/3\/2025\/01\/Parotte-duo-260x185.jpg\" class=\"wp-image-2289 avia-img-lazy-loading-not-2289 attachment-portfolio_small size-portfolio_small wp-post-image\" alt=\"\" \/><\/a><div class=\"slide-content\"><header class=\"entry-content-header\" aria-label=\"Slide: 30-05-2025 - S\u00e9bastien Parotte - Christiane Marie Riedl - Ashot Khachatourian, 20u\"><h3 class='slide-entry-title entry-title '  itemprop=\"headline\" ><a href='https:\/\/concertsduprintemps.be\/nl\/30-05-2025-sebastien-parotte-christiane-marie-riedl-ashot-khachatourian\/' title='30-05-2025 &#8211; S\u00e9bastien Parotte &#8211; Christiane Marie Riedl &#8211; Ashot Khachatourian, 20u'>30-05-2025 &#8211; S\u00e9bastien Parotte &#8211; Christiane Marie Riedl &#8211; Ashot Khachatourian, 20u<\/a><\/h3><span class=\"av-vertical-delimiter\"><\/span><\/header><div class=\"slide-meta\"><time class='slide-meta-time updated'  itemprop=\"datePublished\" datetime=\"2025-02-04T20:49:47+01:00\" >4 februari 2025<\/time><\/div><div class='slide-entry-excerpt entry-content'  itemprop=\"text\" ><div class=\"read-more-link\"><a href=\"https:\/\/concertsduprintemps.be\/nl\/30-05-2025-sebastien-parotte-christiane-marie-riedl-ashot-khachatourian\/\" class=\"more-link\">Lees meer<span class='more-link-arrow avia-svg-icon avia-font-svg_entypo-fontello' data-av_svg_icon='right-open-big' data-av_iconset='svg_entypo-fontello'><svg version=\"1.1\" xmlns=\"http:\/\/www.w3.org\/2000\/svg\" width=\"15\" height=\"32\" viewBox=\"0 0 15 32\" preserveAspectRatio=\"xMidYMid meet\" role=\"graphics-symbol\" aria-hidden=\"true\">\n<path d=\"M0.416 27.84l11.456-11.84-11.456-11.904q-0.832-0.832 0-1.536 0.832-0.832 1.536 0l12.544 12.608q0.768 0.832 0 1.6l-12.544 12.608q-0.704 0.832-1.536 0-0.832-0.704 0-1.536z\"><\/path>\n<\/svg><\/span><\/a><\/div><\/div><\/div><footer class=\"entry-footer\"><\/footer><span class='hidden'>\n\t\t\t\t<span class='av-structured-data'  itemprop=\"image\" itemscope=\"itemscope\" itemtype=\"https:\/\/schema.org\/ImageObject\" >\n\t\t\t\t\t\t<span itemprop='url'>https:\/\/concertsduprintemps.be\/wp-content\/uploads\/sites\/3\/2025\/01\/Parotte-duo.jpg<\/span>\n\t\t\t\t\t\t<span itemprop='height'>1093<\/span>\n\t\t\t\t\t\t<span itemprop='width'>1125<\/span>\n\t\t\t\t<\/span>\n\t\t\t\t<span class='av-structured-data'  itemprop=\"publisher\" itemtype=\"https:\/\/schema.org\/Organization\" itemscope=\"itemscope\" >\n\t\t\t\t\t\t<span itemprop='name'>alommelen<\/span>\n\t\t\t\t\t\t<span itemprop='logo' itemscope itemtype='https:\/\/schema.org\/ImageObject'>\n\t\t\t\t\t\t\t<span itemprop='url'>http:\/\/concerts.externes.foodle.co\/wp-content\/uploads\/sites\/3\/2024\/01\/Logo-Concerts-du-printemps-300x252.png<\/span>\n\t\t\t\t\t\t<\/span>\n\t\t\t\t<\/span><span class='av-structured-data'  itemprop=\"author\" itemscope=\"itemscope\" itemtype=\"https:\/\/schema.org\/Person\" ><span itemprop='name'>alommelen<\/span><\/span><span class='av-structured-data'  itemprop=\"datePublished\" datetime=\"2014-07-09T15:49:00+02:00\" >2025-02-04 20:49:47<\/span><span class='av-structured-data'  itemprop=\"dateModified\" itemtype=\"https:\/\/schema.org\/dateModified\" >2025-04-01 09:20:11<\/span><span class='av-structured-data'  itemprop=\"mainEntityOfPage\" itemtype=\"https:\/\/schema.org\/mainEntityOfPage\" ><span itemprop='name'>30-05-2025 &#8211; S\u00e9bastien Parotte &#8211; Christiane Marie Riedl &#8211; Ashot Khachatourian, 20u<\/span><\/span><\/span><\/article><article class='slide-entry flex_column  post-entry post-entry-2560 slide-entry-overview slide-loop-3 slide-parity-odd  av_one_fifth  real-thumbnail posttype-post post-format-standard'  itemscope=\"itemscope\" itemtype=\"https:\/\/schema.org\/CreativeWork\" ><a href='https:\/\/concertsduprintemps.be\/nl\/06-06-2025-lucie-horsch-justin-taylor-20u\/' data-rel='slide-2' class='slide-image' title='06-06-2025 &#8211; Lucie HORSCH &amp; Justin TAYLOR, 20u'><img decoding=\"async\" fetchpriority=\"high\" width=\"260\" height=\"185\" src=\"https:\/\/concertsduprintemps.be\/wp-content\/uploads\/sites\/3\/2025\/01\/LucieHorsch_SimonFowler3-260x185.jpg\" class=\"wp-image-2342 avia-img-lazy-loading-not-2342 attachment-portfolio_small size-portfolio_small wp-post-image\" alt=\"\" \/><\/a><div class=\"slide-content\"><header class=\"entry-content-header\" aria-label=\"Slide: 06-06-2025 - Lucie HORSCH &amp; Justin TAYLOR, 20u\"><h3 class='slide-entry-title entry-title '  itemprop=\"headline\" ><a href='https:\/\/concertsduprintemps.be\/nl\/06-06-2025-lucie-horsch-justin-taylor-20u\/' title='06-06-2025 &#8211; Lucie HORSCH &amp; Justin TAYLOR, 20u'>06-06-2025 &#8211; Lucie HORSCH &amp; Justin TAYLOR, 20u<\/a><\/h3><span class=\"av-vertical-delimiter\"><\/span><\/header><div class=\"slide-meta\"><time class='slide-meta-time updated'  itemprop=\"datePublished\" datetime=\"2025-02-03T16:28:28+01:00\" >3 februari 2025<\/time><\/div><div class='slide-entry-excerpt entry-content'  itemprop=\"text\" ><div class=\"read-more-link\"><a href=\"https:\/\/concertsduprintemps.be\/nl\/06-06-2025-lucie-horsch-justin-taylor-20u\/\" class=\"more-link\">Lees meer<span class='more-link-arrow avia-svg-icon avia-font-svg_entypo-fontello' data-av_svg_icon='right-open-big' data-av_iconset='svg_entypo-fontello'><svg version=\"1.1\" xmlns=\"http:\/\/www.w3.org\/2000\/svg\" width=\"15\" height=\"32\" viewBox=\"0 0 15 32\" preserveAspectRatio=\"xMidYMid meet\" role=\"graphics-symbol\" aria-hidden=\"true\">\n<path d=\"M0.416 27.84l11.456-11.84-11.456-11.904q-0.832-0.832 0-1.536 0.832-0.832 1.536 0l12.544 12.608q0.768 0.832 0 1.6l-12.544 12.608q-0.704 0.832-1.536 0-0.832-0.704 0-1.536z\"><\/path>\n<\/svg><\/span><\/a><\/div><\/div><\/div><footer class=\"entry-footer\"><\/footer><span class='hidden'>\n\t\t\t\t<span class='av-structured-data'  itemprop=\"image\" itemscope=\"itemscope\" itemtype=\"https:\/\/schema.org\/ImageObject\" >\n\t\t\t\t\t\t<span itemprop='url'>https:\/\/concertsduprintemps.be\/wp-content\/uploads\/sites\/3\/2025\/01\/LucieHorsch_SimonFowler3-scaled.jpg<\/span>\n\t\t\t\t\t\t<span itemprop='height'>1707<\/span>\n\t\t\t\t\t\t<span itemprop='width'>2560<\/span>\n\t\t\t\t<\/span>\n\t\t\t\t<span class='av-structured-data'  itemprop=\"publisher\" itemtype=\"https:\/\/schema.org\/Organization\" itemscope=\"itemscope\" >\n\t\t\t\t\t\t<span itemprop='name'>alommelen<\/span>\n\t\t\t\t\t\t<span itemprop='logo' itemscope itemtype='https:\/\/schema.org\/ImageObject'>\n\t\t\t\t\t\t\t<span itemprop='url'>http:\/\/concerts.externes.foodle.co\/wp-content\/uploads\/sites\/3\/2024\/01\/Logo-Concerts-du-printemps-300x252.png<\/span>\n\t\t\t\t\t\t<\/span>\n\t\t\t\t<\/span><span class='av-structured-data'  itemprop=\"author\" itemscope=\"itemscope\" itemtype=\"https:\/\/schema.org\/Person\" ><span itemprop='name'>alommelen<\/span><\/span><span class='av-structured-data'  itemprop=\"datePublished\" datetime=\"2014-07-09T15:49:00+02:00\" >2025-02-03 16:28:28<\/span><span class='av-structured-data'  itemprop=\"dateModified\" itemtype=\"https:\/\/schema.org\/dateModified\" >2026-02-10 21:07:51<\/span><span class='av-structured-data'  itemprop=\"mainEntityOfPage\" itemtype=\"https:\/\/schema.org\/mainEntityOfPage\" ><span itemprop='name'>06-06-2025 &#8211; Lucie HORSCH &amp; Justin TAYLOR, 20u<\/span><\/span><\/span><\/article><article class='slide-entry flex_column  post-entry post-entry-2563 slide-entry-overview slide-loop-4 slide-parity-even  av_one_fifth  real-thumbnail posttype-post post-format-standard'  itemscope=\"itemscope\" itemtype=\"https:\/\/schema.org\/CreativeWork\" ><a href='https:\/\/concertsduprintemps.be\/nl\/13-06-2025-belcea-kwartet-20u\/' data-rel='slide-2' class='slide-image' title='13-06-2025 &#8211; Belcea Kwartet, 20u'><img decoding=\"async\" fetchpriority=\"high\" width=\"260\" height=\"185\" src=\"https:\/\/concertsduprintemps.be\/wp-content\/uploads\/sites\/3\/2025\/01\/Belcea-met-instr-Maurice-Haas-260x185.jpg\" class=\"wp-image-2374 avia-img-lazy-loading-not-2374 attachment-portfolio_small size-portfolio_small wp-post-image\" alt=\"\" \/><\/a><div class=\"slide-content\"><header class=\"entry-content-header\" aria-label=\"Slide: 13-06-2025 - Belcea Kwartet, 20u\"><h3 class='slide-entry-title entry-title '  itemprop=\"headline\" ><a href='https:\/\/concertsduprintemps.be\/nl\/13-06-2025-belcea-kwartet-20u\/' title='13-06-2025 &#8211; Belcea Kwartet, 20u'>13-06-2025 &#8211; Belcea Kwartet, 20u<\/a><\/h3><span class=\"av-vertical-delimiter\"><\/span><\/header><div class=\"slide-meta\"><time class='slide-meta-time updated'  itemprop=\"datePublished\" datetime=\"2025-02-02T20:32:02+01:00\" >2 februari 2025<\/time><\/div><div class='slide-entry-excerpt entry-content'  itemprop=\"text\" ><div class=\"read-more-link\"><a href=\"https:\/\/concertsduprintemps.be\/nl\/13-06-2025-belcea-kwartet-20u\/\" class=\"more-link\">Lees meer<span class='more-link-arrow avia-svg-icon avia-font-svg_entypo-fontello' data-av_svg_icon='right-open-big' data-av_iconset='svg_entypo-fontello'><svg version=\"1.1\" xmlns=\"http:\/\/www.w3.org\/2000\/svg\" width=\"15\" height=\"32\" viewBox=\"0 0 15 32\" preserveAspectRatio=\"xMidYMid meet\" role=\"graphics-symbol\" aria-hidden=\"true\">\n<path d=\"M0.416 27.84l11.456-11.84-11.456-11.904q-0.832-0.832 0-1.536 0.832-0.832 1.536 0l12.544 12.608q0.768 0.832 0 1.6l-12.544 12.608q-0.704 0.832-1.536 0-0.832-0.704 0-1.536z\"><\/path>\n<\/svg><\/span><\/a><\/div><\/div><\/div><footer class=\"entry-footer\"><\/footer><span class='hidden'>\n\t\t\t\t<span class='av-structured-data'  itemprop=\"image\" itemscope=\"itemscope\" itemtype=\"https:\/\/schema.org\/ImageObject\" >\n\t\t\t\t\t\t<span itemprop='url'>https:\/\/concertsduprintemps.be\/wp-content\/uploads\/sites\/3\/2025\/01\/Belcea-met-instr-Maurice-Haas-scaled.jpg<\/span>\n\t\t\t\t\t\t<span itemprop='height'>1708<\/span>\n\t\t\t\t\t\t<span itemprop='width'>2560<\/span>\n\t\t\t\t<\/span>\n\t\t\t\t<span class='av-structured-data'  itemprop=\"publisher\" itemtype=\"https:\/\/schema.org\/Organization\" itemscope=\"itemscope\" >\n\t\t\t\t\t\t<span itemprop='name'>alommelen<\/span>\n\t\t\t\t\t\t<span itemprop='logo' itemscope itemtype='https:\/\/schema.org\/ImageObject'>\n\t\t\t\t\t\t\t<span itemprop='url'>http:\/\/concerts.externes.foodle.co\/wp-content\/uploads\/sites\/3\/2024\/01\/Logo-Concerts-du-printemps-300x252.png<\/span>\n\t\t\t\t\t\t<\/span>\n\t\t\t\t<\/span><span class='av-structured-data'  itemprop=\"author\" itemscope=\"itemscope\" itemtype=\"https:\/\/schema.org\/Person\" ><span itemprop='name'>alommelen<\/span><\/span><span class='av-structured-data'  itemprop=\"datePublished\" datetime=\"2014-07-09T15:49:00+02:00\" >2025-02-02 20:32:02<\/span><span class='av-structured-data'  itemprop=\"dateModified\" itemtype=\"https:\/\/schema.org\/dateModified\" >2025-04-01 09:21:22<\/span><span class='av-structured-data'  itemprop=\"mainEntityOfPage\" itemtype=\"https:\/\/schema.org\/mainEntityOfPage\" ><span itemprop='name'>13-06-2025 &#8211; Belcea Kwartet, 20u<\/span><\/span><\/span><\/article><article class='slide-entry flex_column  post-entry post-entry-2566 slide-entry-overview slide-loop-5 slide-parity-odd  post-entry-last  av_one_fifth  real-thumbnail posttype-post post-format-standard'  itemscope=\"itemscope\" itemtype=\"https:\/\/schema.org\/CreativeWork\" ><a href='https:\/\/concertsduprintemps.be\/nl\/20-06-2024-anima-eterna-brugge-20u\/' data-rel='slide-2' class='slide-image' title='20-06-2024 &#8211; Anima Eterna Brugge, 20u'><img decoding=\"async\" fetchpriority=\"high\" width=\"260\" height=\"185\" src=\"https:\/\/concertsduprintemps.be\/wp-content\/uploads\/sites\/3\/2025\/01\/P2404_Anima_Insight_BWC9403_koenBroos-260x185.jpg\" class=\"wp-image-2314 avia-img-lazy-loading-not-2314 attachment-portfolio_small size-portfolio_small wp-post-image\" alt=\"\" \/><\/a><div class=\"slide-content\"><header class=\"entry-content-header\" aria-label=\"Slide: 20-06-2024 - Anima Eterna Brugge, 20u\"><h3 class='slide-entry-title entry-title '  itemprop=\"headline\" ><a href='https:\/\/concertsduprintemps.be\/nl\/20-06-2024-anima-eterna-brugge-20u\/' title='20-06-2024 &#8211; Anima Eterna Brugge, 20u'>20-06-2024 &#8211; Anima Eterna Brugge, 20u<\/a><\/h3><span class=\"av-vertical-delimiter\"><\/span><\/header><div class=\"slide-meta\"><time class='slide-meta-time updated'  itemprop=\"datePublished\" datetime=\"2025-02-01T20:36:31+01:00\" >1 februari 2025<\/time><\/div><div class='slide-entry-excerpt entry-content'  itemprop=\"text\" ><div class=\"read-more-link\"><a href=\"https:\/\/concertsduprintemps.be\/nl\/20-06-2024-anima-eterna-brugge-20u\/\" class=\"more-link\">Lees meer<span class='more-link-arrow avia-svg-icon avia-font-svg_entypo-fontello' data-av_svg_icon='right-open-big' data-av_iconset='svg_entypo-fontello'><svg version=\"1.1\" xmlns=\"http:\/\/www.w3.org\/2000\/svg\" width=\"15\" height=\"32\" viewBox=\"0 0 15 32\" preserveAspectRatio=\"xMidYMid meet\" role=\"graphics-symbol\" aria-hidden=\"true\">\n<path d=\"M0.416 27.84l11.456-11.84-11.456-11.904q-0.832-0.832 0-1.536 0.832-0.832 1.536 0l12.544 12.608q0.768 0.832 0 1.6l-12.544 12.608q-0.704 0.832-1.536 0-0.832-0.704 0-1.536z\"><\/path>\n<\/svg><\/span><\/a><\/div><\/div><\/div><footer class=\"entry-footer\"><\/footer><span class='hidden'>\n\t\t\t\t<span class='av-structured-data'  itemprop=\"image\" itemscope=\"itemscope\" itemtype=\"https:\/\/schema.org\/ImageObject\" >\n\t\t\t\t\t\t<span itemprop='url'>https:\/\/concertsduprintemps.be\/wp-content\/uploads\/sites\/3\/2025\/01\/P2404_Anima_Insight_BWC9403_koenBroos.jpg<\/span>\n\t\t\t\t\t\t<span itemprop='height'>1212<\/span>\n\t\t\t\t\t\t<span itemprop='width'>1817<\/span>\n\t\t\t\t<\/span>\n\t\t\t\t<span class='av-structured-data'  itemprop=\"publisher\" itemtype=\"https:\/\/schema.org\/Organization\" itemscope=\"itemscope\" >\n\t\t\t\t\t\t<span itemprop='name'>alommelen<\/span>\n\t\t\t\t\t\t<span itemprop='logo' itemscope itemtype='https:\/\/schema.org\/ImageObject'>\n\t\t\t\t\t\t\t<span itemprop='url'>http:\/\/concerts.externes.foodle.co\/wp-content\/uploads\/sites\/3\/2024\/01\/Logo-Concerts-du-printemps-300x252.png<\/span>\n\t\t\t\t\t\t<\/span>\n\t\t\t\t<\/span><span class='av-structured-data'  itemprop=\"author\" itemscope=\"itemscope\" itemtype=\"https:\/\/schema.org\/Person\" ><span itemprop='name'>alommelen<\/span><\/span><span class='av-structured-data'  itemprop=\"datePublished\" datetime=\"2014-07-09T15:49:00+02:00\" >2025-02-01 20:36:31<\/span><span class='av-structured-data'  itemprop=\"dateModified\" itemtype=\"https:\/\/schema.org\/dateModified\" >2025-07-15 15:41:31<\/span><span class='av-structured-data'  itemprop=\"mainEntityOfPage\" itemtype=\"https:\/\/schema.org\/mainEntityOfPage\" ><span itemprop='name'>20-06-2024 &#8211; Anima Eterna Brugge, 20u<\/span><\/span><\/span><\/article><\/div><\/div><div class='pagination-wrap pagination-slider'><nav class='pagination'><span class='pagination-meta'>Pagina 1 van 2<\/span><span class='current'>1<\/span><a href='https:\/\/concertsduprintemps.be\/nl\/wp-json\/wp\/v2\/pages\/1757\/?avia-element-paging=2' class='inactive next_page' >2<\/a><\/nav>\n<\/div><\/div><\/p><\/div>\n<style type=\"text\/css\" data-created_by=\"avia_inline_auto\" id=\"style-css-av-68583-866b476b896da322fba87035a65a1e67\">\n#top .hr.hr-invisible.av-68583-866b476b896da322fba87035a65a1e67{\nheight:50px;\n}\n<\/style>\n<div  class='hr av-68583-866b476b896da322fba87035a65a1e67 hr-invisible  avia-builder-el-43  el_after_av_one_full  el_before_av_heading '><span class='hr-inner '><span class=\"hr-inner-style\"><\/span><\/span><\/div>\n\n<style type=\"text\/css\" data-created_by=\"avia_inline_auto\" id=\"style-css-av-5j3g7-b3a244ea4fb8900ac0a2bd1c26fdaa62\">\n#top .av-special-heading.av-5j3g7-b3a244ea4fb8900ac0a2bd1c26fdaa62{\npadding-bottom:0;\n}\nbody .av-special-heading.av-5j3g7-b3a244ea4fb8900ac0a2bd1c26fdaa62 .av-special-heading-tag .heading-char{\nfont-size:25px;\n}\n.av-special-heading.av-5j3g7-b3a244ea4fb8900ac0a2bd1c26fdaa62 .av-subheading{\nfont-size:15px;\n}\n<\/style>\n<div  class='av-special-heading av-5j3g7-b3a244ea4fb8900ac0a2bd1c26fdaa62 av-special-heading-h2 blockquote modern-quote  avia-builder-el-44  el_after_av_hr  el_before_av_hr  av-thin-font'><h2 class='av-special-heading-tag '  itemprop=\"headline\"  >Wat zij er van <strong>vonden<\/strong><\/h2><div class=\"special-heading-border\"><div class=\"special-heading-inner-border\"><\/div><\/div><\/div>\n<div  class='hr av-4usg7-efeb3133e8632c7f4d7e5775f3fdfe97 hr-default  avia-builder-el-45  el_after_av_heading  el_before_av_testimonials '><span class='hr-inner '><span class=\"hr-inner-style\"><\/span><\/span><\/div>\n<div  class='avia-testimonial-wrapper av-4dgzr-f2430f3c2d8c8ebeae34bbd4590a01c0 avia-slider-testimonials avia-slider-2-testimonials avia_animate_when_almost_visible av-slideshow-ui av-control-default av-no-slider-navigation av-slider-hover-pause av-slideshow-autoplay av-loop-endless av-loop-manual-endless' data-slideshow-options=\"{&quot;animation&quot;:&quot;slide&quot;,&quot;autoplay&quot;:true,&quot;loop_autoplay&quot;:&quot;endless&quot;,&quot;interval&quot;:5,&quot;loop_manual&quot;:&quot;manual-endless&quot;,&quot;autoplay_stopper&quot;:false,&quot;noNavigation&quot;:false,&quot;bg_slider&quot;:false,&quot;keep_padding&quot;:&quot;&quot;,&quot;hoverpause&quot;:true,&quot;show_slide_delay&quot;:0}\">\n<section class=\"avia-testimonial-row\"><div class='avia-testimonial av-37lib-a5ad35bea4786f7aeb4ad091f92ef678 avia-testimonial-row-1 avia-first-testimonial flex_column no_margin av_one_half'><div class='avia-testimonial_inner'  itemscope=\"itemscope\" itemtype=\"https:\/\/schema.org\/CreativeWork\" ><div class='avia-testimonial-content '><div class='avia-testimonial-markup-entry-content'  itemprop=\"text\" ><p class=\"x_MsoNormal\">Ik had het genoegen om in juni 2023 een concert in de abdij van Val-Dieu bij te wonen en ik kan alleen maar blij zijn met deze ontdekking.<\/p>\n<p class=\"x_MsoNormal\">Zowel de concertlocatie als de keuze van het programma en de kwaliteit van de musici hebben me betoverd, en ik zal de komende seizoenen zeker opnieuw genieten van de concerten.<\/p>\n<\/div><\/div><div class=\"avia-testimonial-meta\"><div class=\"avia-testimonial-arrow-wrap\"><div class=\"avia-arrow\"><\/div><\/div><div class='avia-testimonial-image'  itemprop=\"image\" ><img loading=\"lazy\" decoding=\"async\" width=\"180\" height=\"180\" src=\"https:\/\/concertsduprintemps.be\/wp-content\/uploads\/sites\/3\/2024\/01\/352839228_763997805430176_3555803604293344459_n-225x300-1-180x180.jpg\" class=\"attachment-square size-square\" alt=\"\" srcset=\"https:\/\/concertsduprintemps.be\/wp-content\/uploads\/sites\/3\/2024\/01\/352839228_763997805430176_3555803604293344459_n-225x300-1-180x180.jpg 180w, https:\/\/concertsduprintemps.be\/wp-content\/uploads\/sites\/3\/2024\/01\/352839228_763997805430176_3555803604293344459_n-225x300-1-80x80.jpg 80w, https:\/\/concertsduprintemps.be\/wp-content\/uploads\/sites\/3\/2024\/01\/352839228_763997805430176_3555803604293344459_n-225x300-1-36x36.jpg 36w\" sizes=\"auto, (max-width: 180px) 100vw, 180px\" \/><\/div><div class='avia-testimonial-meta-mini'  itemprop=\"author\" itemscope=\"itemscope\" itemtype=\"https:\/\/schema.org\/Person\" ><strong  class='avia-testimonial-name'  itemprop=\"name\" >Nicole, <\/strong><span  class='avia-testimonial-subtitle '  itemprop=\"jobTitle\" >toeschouwer<\/span><\/div><\/div><\/div><\/div>\n<div class='avia-testimonial av-3p2r3-2bc48752e63cbbd0d1bbb586b1ba526b avia-testimonial-row-1 flex_column no_margin av_one_half'><div class='avia-testimonial_inner'  itemscope=\"itemscope\" itemtype=\"https:\/\/schema.org\/CreativeWork\" ><div class='avia-testimonial-content '><div class='avia-testimonial-markup-entry-content'  itemprop=\"text\" ><p>Er zijn werkelijk geen woorden om de vreugde te beschrijven die we voelden toen we mochten optreden in de prachtige Abdij van Val-Dieu tijdens de Concerts du Printemps in 2023! De organisatoren, zo gepassioneerd door muziek, de toegewijde vrijwilligers en bovenal het fantastische publiek in een volle basiliek hebben van ons concert een onvergetelijke avond gemaakt waar we alleen maar naar terugverlangen!<\/p>\n<\/div><\/div><div class=\"avia-testimonial-meta\"><div class=\"avia-testimonial-arrow-wrap\"><div class=\"avia-arrow\"><\/div><\/div><div class='avia-testimonial-image'  itemprop=\"image\" ><img loading=\"lazy\" decoding=\"async\" width=\"180\" height=\"180\" src=\"https:\/\/concertsduprintemps.be\/wp-content\/uploads\/sites\/3\/2024\/01\/61f80e68-5d8a-496d-9bcd-b1a0c21c99d6-300x225-1-180x180.jpg\" class=\"attachment-square size-square\" alt=\"\" srcset=\"https:\/\/concertsduprintemps.be\/wp-content\/uploads\/sites\/3\/2024\/01\/61f80e68-5d8a-496d-9bcd-b1a0c21c99d6-300x225-1-180x180.jpg 180w, https:\/\/concertsduprintemps.be\/wp-content\/uploads\/sites\/3\/2024\/01\/61f80e68-5d8a-496d-9bcd-b1a0c21c99d6-300x225-1-80x80.jpg 80w, https:\/\/concertsduprintemps.be\/wp-content\/uploads\/sites\/3\/2024\/01\/61f80e68-5d8a-496d-9bcd-b1a0c21c99d6-300x225-1-36x36.jpg 36w\" sizes=\"auto, (max-width: 180px) 100vw, 180px\" \/><\/div><div class='avia-testimonial-meta-mini'  itemprop=\"author\" itemscope=\"itemscope\" itemtype=\"https:\/\/schema.org\/Person\" ><strong  class='avia-testimonial-name'  itemprop=\"name\" >Trio Golberg <\/strong><span  class='avia-testimonial-subtitle '  itemprop=\"jobTitle\" >Strijktrio - 2023<\/span><\/div><\/div><\/div><\/div>\n<div class='avia-testimonial av-2hs3z-cf7cebe3afd2ea0d959e71801150d07c avia-testimonial-row-1 flex_column no_margin av_one_half'><div class='avia-testimonial_inner'  itemscope=\"itemscope\" itemtype=\"https:\/\/schema.org\/CreativeWork\" ><div class='avia-testimonial-content '><div class='avia-testimonial-markup-entry-content'  itemprop=\"text\" ><p class=\"x_MsoNormal\"><span lang=\"FR\" data-olk-copy-source=\"MessageBody\">Vijftien jaar geleden, tijdens de Concerts du Printemps, in de majestueuze basiliek van Val-Dieu, beleefde ik mijn eerste muzikale emoties door het Modigliani Kwartet te ontdekken.<\/span><\/p>\n<p class=\"x_MsoNormal\"><span lang=\"FR\">Sindsdien ben ik elk jaar trouw aan deze onmisbare muzikale afspraak, die hoogwaardige programmatie combineert met gezelligheid. <\/span><\/p>\n<p class=\"x_MsoNormal\"><span lang=\"FR\">De sfeer is er warm en het publiek is aandachtig, wat de artiesten in staat stelt om het beste van zichzelf te geven, tot groot genoegen van iedereen.<\/span><\/p>\n<\/div><\/div><div class=\"avia-testimonial-meta\"><div class=\"avia-testimonial-arrow-wrap\"><div class=\"avia-arrow\"><\/div><\/div><div class='avia-testimonial-meta-mini'  itemprop=\"author\" itemscope=\"itemscope\" itemtype=\"https:\/\/schema.org\/Person\" ><strong  class='avia-testimonial-name'  itemprop=\"name\" >Carine,<\/strong><span  class='avia-testimonial-subtitle '  itemprop=\"jobTitle\" >toeschouwer<\/span><\/div><\/div><\/div><\/div>\n<\/section><div class='avia-slideshow-arrows avia-slideshow-controls' ><a href='#prev' class='prev-slide  avia-svg-icon avia-font-svg_entypo-fontello' data-av_svg_icon='left-open-big' data-av_iconset='svg_entypo-fontello' tabindex='-1' title=\"Vorige\"><svg version=\"1.1\" xmlns=\"http:\/\/www.w3.org\/2000\/svg\" width=\"15\" height=\"32\" viewBox=\"0 0 15 32\" preserveAspectRatio=\"xMidYMid meet\" aria-labelledby='av-svg-title-17' aria-describedby='av-svg-desc-17' role=\"graphics-symbol\" aria-hidden=\"true\">\n<title id='av-svg-title-17'>Vorige<\/title>\n<desc id='av-svg-desc-17'>Vorige<\/desc>\n<path d=\"M14.464 27.84q0.832 0.832 0 1.536-0.832 0.832-1.536 0l-12.544-12.608q-0.768-0.768 0-1.6l12.544-12.608q0.704-0.832 1.536 0 0.832 0.704 0 1.536l-11.456 11.904z\"><\/path>\n<\/svg><span class='avia_hidden_link_text'>Vorige<\/span><\/a><a href='#next' class='next-slide  avia-svg-icon avia-font-svg_entypo-fontello' data-av_svg_icon='right-open-big' data-av_iconset='svg_entypo-fontello' tabindex='-1' title=\"Volgende\"><svg version=\"1.1\" xmlns=\"http:\/\/www.w3.org\/2000\/svg\" width=\"15\" height=\"32\" viewBox=\"0 0 15 32\" preserveAspectRatio=\"xMidYMid meet\" aria-labelledby='av-svg-title-18' aria-describedby='av-svg-desc-18' role=\"graphics-symbol\" aria-hidden=\"true\">\n<title id='av-svg-title-18'>Volgende<\/title>\n<desc id='av-svg-desc-18'>Volgende<\/desc>\n<path d=\"M0.416 27.84l11.456-11.84-11.456-11.904q-0.832-0.832 0-1.536 0.832-0.832 1.536 0l12.544 12.608q0.768 0.832 0 1.6l-12.544 12.608q-0.704 0.832-1.536 0-0.832-0.704 0-1.536z\"><\/path>\n<\/svg><span class='avia_hidden_link_text'>Volgende<\/span><\/a><\/div><\/div>\n<\/p>\n","protected":false},"excerpt":{"rendered":"","protected":false},"author":3,"featured_media":0,"parent":0,"menu_order":0,"comment_status":"open","ping_status":"open","template":"","meta":{"footnotes":""},"class_list":["post-1757","page","type-page","status-publish","hentry"],"_links":{"self":[{"href":"https:\/\/concertsduprintemps.be\/nl\/wp-json\/wp\/v2\/pages\/1757","targetHints":{"allow":["GET"]}}],"collection":[{"href":"https:\/\/concertsduprintemps.be\/nl\/wp-json\/wp\/v2\/pages"}],"about":[{"href":"https:\/\/concertsduprintemps.be\/nl\/wp-json\/wp\/v2\/types\/page"}],"author":[{"embeddable":true,"href":"https:\/\/concertsduprintemps.be\/nl\/wp-json\/wp\/v2\/users\/3"}],"replies":[{"embeddable":true,"href":"https:\/\/concertsduprintemps.be\/nl\/wp-json\/wp\/v2\/comments?post=1757"}],"version-history":[{"count":35,"href":"https:\/\/concertsduprintemps.be\/nl\/wp-json\/wp\/v2\/pages\/1757\/revisions"}],"predecessor-version":[{"id":3608,"href":"https:\/\/concertsduprintemps.be\/nl\/wp-json\/wp\/v2\/pages\/1757\/revisions\/3608"}],"wp:attachment":[{"href":"https:\/\/concertsduprintemps.be\/nl\/wp-json\/wp\/v2\/media?parent=1757"}],"curies":[{"name":"wp","href":"https:\/\/api.w.org\/{rel}","templated":true}]}}